{"id":8174,"date":"2018-03-19T18:53:03","date_gmt":"2018-03-19T17:53:03","guid":{"rendered":"http:\/\/evenement.eklabul.com\/?page_id=8174\/"},"modified":"2018-06-11T13:27:01","modified_gmt":"2018-06-11T11:27:01","slug":"corporate-events","status":"publish","type":"page","link":"https:\/\/evenement.eklabul.com\/en\/events-portfolio\/corporate-events\/","title":{"rendered":"Corporate Events"},"content":{"rendered":"<div class=\"wpb-content-wrapper\"><p>[vc_row full_width=&#8221;&#8221; parallax=&#8221;&#8221; parallax_image=&#8221;&#8221;][vc_column width=&#8221;1\/1&#8243;][vc_column_text css_animation=&#8221;top-to-bottom&#8221;]<\/p>\n<h2><span id=\"result_box\" class=\"\" lang=\"en\" tabindex=\"-1\">Team Building, Seminar Event, Product Launch, Street Marketing<\/span><span id=\"result_box\" class=\"\" lang=\"en\" tabindex=\"-1\">&#8230;<\/span><br \/>\n<span id=\"result_box\" class=\"\" lang=\"en\" tabindex=\"-1\"><\/span><\/h2>\n<p><span id=\"result_box\" class=\"\" lang=\"en\" tabindex=\"-1\"><br \/>\n<span class=\"\">Here are photos and videos of some of our past events dedicated to corporate events.<\/span> <span class=\"\">Eklabul is acknowledged as a great partner for all type of corporate events as coming from the industry (Eklabul&#8217;s founder is a former engineer): we definitely know and understand companies&#8217; priorities and requests.<\/span><\/span>[\/vc_column_text][\/vc_column][\/vc_row][vc_row full_width=&#8221;&#8221; parallax=&#8221;&#8221; parallax_image=&#8221;&#8221;][vc_column width=&#8221;1\/1&#8243;]<div class=\"preloader\"><\/div> <div class=\"portfolio-preloader-wrapper\"> <div class=\"row\"> <div data-per-page=\"20\" data-portfolio-uid=\"dfc393d\" class=\"portfolio portfolio-items-masonry columns-3 no-padding col-lg-12 col-md-12 col-sm-12 hover-zooming-blur\" data-hover=\"zooming-blur\" data-next-page=\"0\"> <div class=\"\"> <div class=\"portfolio-set col-lg-12 col-md-12 col-sm-12 clearfix\"> <div class=\"portfolio-item ep-aquatic corporate-events past-events private-parties col-lg-4 col-md-4 col-sm-6 col-xs-6 post-300903 scalia_pf_item type-scalia_pf_item status-publish has-post-thumbnail hentry\" > <div class=\"wrap clearfix\"> <div class=\"image post-300903 scalia_pf_item type-scalia_pf_item status-publish has-post-thumbnail hentry\"> <div class=\"image-inner\"> <img decoding=\"async\" src=\"https:\/\/evenement.eklabul.com\/wp-content\/uploads\/2019\/06\/soir\u00e9e-nikki-beach-monaco-15-Eklabul-evenements-scalia-portfolio-masonry.jpg\" width=\"754\" height=\"424\" alt=\"Corporate evening in Monaco\" title=\"\"> <\/div> <span class=\"button\"><span class=\"button-corner\"><span><\/span><b><\/b><\/span><\/span> <div class=\"share\"> <a target=\"_blank\" href=\"https:\/\/www.facebook.com\/sharer\/sharer.php?u=https%3A%2F%2Fevenement.eklabul.com%2Fen%2Fportfolios%2Fcorporate-evening-in-monaco%2F\">&#xe601;<\/a> <a target=\"_blank\" href=\"https:\/\/twitter.com\/intent\/tweet?text=Corporate+evening+in+Monaco&amp;url=https%3A%2F%2Fevenement.eklabul.com%2Fen%2Fportfolios%2Fcorporate-evening-in-monaco%2F\">&#xe603;<\/a> <a target=\"_blank\" href=\"https:\/\/plus.google.com\/share?url=https%3A%2F%2Fevenement.eklabul.com%2Fen%2Fportfolios%2Fcorporate-evening-in-monaco%2F\">&#xe602;<\/a> <a target=\"_blank\" href=\"https:\/\/pinterest.com\/pin\/create\/button\/?url=https%3A%2F%2Fevenement.eklabul.com%2Fen%2Fportfolios%2Fcorporate-evening-in-monaco%2F&media=https%3A%2F%2Fevenement.eklabul.com%2Fwp-content%2Fuploads%2F2019%2F06%2Fsoir%C3%A9e-nikki-beach-monaco-15-Eklabul-evenements.jpg&description=Corporate+evening+in+Monaco\">&#xe605;<\/a> <a target=\"_blank\" href=\"https:\/\/www.linkedin.com\/shareArticle?mini=true&url=https%3A%2F%2Fevenement.eklabul.com%2Fen%2Fportfolios%2Fcorporate-evening-in-monaco%2F&amp;title=Corporate+evening+in+Monaco&amp;summary=%5Bvc_row%5D%5Bvc_column+width%3D%26%238221%3B2%2F3%26%238243%3B%5D%5Bvc_column_text+css_animation%3D%26%238221%3Btop-to-bottom%26%238221%3B%5D+White+evening+at+Nikki+Beach+in+Monaco+During+the+meeting+of+the+best+salespeople+in+France+for...\">&#xe604;<\/a> <a target=\"_blank\" href=\"http:\/\/www.stumbleupon.com\/submit?url=https%3A%2F%2Fevenement.eklabul.com%2Fen%2Fportfolios%2Fcorporate-evening-in-monaco%2F&amp;title=Corporate+evening+in+Monaco\">&#xe606;<\/a> <\/div> <div class=\"overlay\"> <a href=\"https:\/\/evenement.eklabul.com\/en\/portfolios\/corporate-evening-in-monaco\/\" target=\"_self\" class=\"portolio-item-link self-link \"><\/a> <div class=\"links-wrapper\"> <div class=\"links\"> <a href=\"https:\/\/evenement.eklabul.com\/en\/portfolios\/corporate-evening-in-monaco\/\" target=\"_self\" class=\"icon self-link \"><\/a> <div class=\"overlay-line\"><\/div> <\/div> <\/div> <\/div> <\/div> <div class=\"caption post-300903 scalia_pf_item type-scalia_pf_item status-publish has-post-thumbnail hentry\"> <div class=\"title\"> Corporate evening in Monaco <\/div> <\/div> <\/div> <\/div> <div class=\"portfolio-item ep-aquatic corporate-events past-events private-parties col-lg-4 col-md-4 col-sm-6 col-xs-6 post-300883 scalia_pf_item type-scalia_pf_item status-publish has-post-thumbnail hentry\" > <div class=\"wrap clearfix\"> <div class=\"image post-300883 scalia_pf_item type-scalia_pf_item status-publish has-post-thumbnail hentry\"> <div class=\"image-inner\"> <img decoding=\"async\" src=\"https:\/\/evenement.eklabul.com\/wp-content\/uploads\/2019\/06\/P1150329-scalia-portfolio-masonry.jpg\" width=\"754\" height=\"424\" alt=\"The athmO\u00b2phere at sea in Th\u00e9oule\" title=\"\"> <\/div> <span class=\"button\"><span class=\"button-corner\"><span><\/span><b><\/b><\/span><\/span> <div class=\"share\"> <a target=\"_blank\" href=\"https:\/\/www.facebook.com\/sharer\/sharer.php?u=https%3A%2F%2Fevenement.eklabul.com%2Fen%2Fportfolios%2Fthe-athmo%25c2%25b2phere-at-sea-in-theoule%2F\">&#xe601;<\/a> <a target=\"_blank\" href=\"https:\/\/twitter.com\/intent\/tweet?text=The+athmO%C2%B2phere+at+sea+in+Th%C3%A9oule&amp;url=https%3A%2F%2Fevenement.eklabul.com%2Fen%2Fportfolios%2Fthe-athmo%25c2%25b2phere-at-sea-in-theoule%2F\">&#xe603;<\/a> <a target=\"_blank\" href=\"https:\/\/plus.google.com\/share?url=https%3A%2F%2Fevenement.eklabul.com%2Fen%2Fportfolios%2Fthe-athmo%25c2%25b2phere-at-sea-in-theoule%2F\">&#xe602;<\/a> <a target=\"_blank\" href=\"https:\/\/pinterest.com\/pin\/create\/button\/?url=https%3A%2F%2Fevenement.eklabul.com%2Fen%2Fportfolios%2Fthe-athmo%25c2%25b2phere-at-sea-in-theoule%2F&media=https%3A%2F%2Fevenement.eklabul.com%2Fwp-content%2Fuploads%2F2019%2F06%2FP1150329.jpg&description=The+athmO%C2%B2phere+at+sea+in+Th%C3%A9oule\">&#xe605;<\/a> <a target=\"_blank\" href=\"https:\/\/www.linkedin.com\/shareArticle?mini=true&url=https%3A%2F%2Fevenement.eklabul.com%2Fen%2Fportfolios%2Fthe-athmo%25c2%25b2phere-at-sea-in-theoule%2F&amp;title=The+athmO%C2%B2phere+at+sea+in+Th%C3%A9oule&amp;summary=%5Bvc_row%5D%5Bvc_column+width%3D%26%238221%3B2%2F3%26%238243%3B%5D%5Bvc_column_text+css_animation%3D%26%238221%3Btop-to-bottom%26%238221%3B%5D+The+atmO%C2%B2phere+for+the+70th+anniversary+of+Marco+Polo+The+evening+of+the+70th+anniversary+of+the...\">&#xe604;<\/a> <a target=\"_blank\" href=\"http:\/\/www.stumbleupon.com\/submit?url=https%3A%2F%2Fevenement.eklabul.com%2Fen%2Fportfolios%2Fthe-athmo%25c2%25b2phere-at-sea-in-theoule%2F&amp;title=The+athmO%C2%B2phere+at+sea+in+Th%C3%A9oule\">&#xe606;<\/a> <\/div> <div class=\"overlay\"> <a href=\"https:\/\/evenement.eklabul.com\/en\/portfolios\/the-athmo%c2%b2phere-at-sea-in-theoule\/\" target=\"_self\" class=\"portolio-item-link self-link \"><\/a> <div class=\"links-wrapper\"> <div class=\"links\"> <a href=\"https:\/\/evenement.eklabul.com\/en\/portfolios\/the-athmo%c2%b2phere-at-sea-in-theoule\/\" target=\"_self\" class=\"icon self-link \"><\/a> <div class=\"overlay-line\"><\/div> <\/div> <\/div> <\/div> <\/div> <div class=\"caption post-300883 scalia_pf_item type-scalia_pf_item status-publish has-post-thumbnail hentry\"> <div class=\"title\"> The athmO\u00b2phere at sea in Th\u00e9oule <\/div> <\/div> <\/div> <\/div> <div class=\"portfolio-item acrobatic-lifts champagne-chandelier corporate-events dance-contortion ep-robe-champagne-en private-parties public-events stilts col-lg-4 col-md-4 col-sm-6 col-xs-6 post-821562 scalia_pf_item type-scalia_pf_item status-publish has-post-thumbnail hentry\" > <div class=\"wrap clearfix\"> <div class=\"image post-821562 scalia_pf_item type-scalia_pf_item status-publish has-post-thumbnail hentry\"> <div class=\"image-inner\"> <img decoding=\"async\" src=\"https:\/\/evenement.eklabul.com\/wp-content\/uploads\/2024\/01\/Web-Dark-Circus-Avignon-23-scalia-portfolio-masonry.jpg\" width=\"754\" height=\"1007\" alt=\"Dark Circus &#8211; Palais des Papes, Avignon\" title=\"\"> <\/div> <span class=\"button\"><span class=\"button-corner\"><span><\/span><b><\/b><\/span><\/span> <div class=\"share\"> <a target=\"_blank\" href=\"https:\/\/www.facebook.com\/sharer\/sharer.php?u=https%3A%2F%2Fevenement.eklabul.com%2Fen%2Fportfolios%2Fdark-circus-january-2024%2F\">&#xe601;<\/a> <a target=\"_blank\" href=\"https:\/\/twitter.com\/intent\/tweet?text=Dark+Circus+%26%238211%3B+Palais+des+Papes%2C+Avignon&amp;url=https%3A%2F%2Fevenement.eklabul.com%2Fen%2Fportfolios%2Fdark-circus-january-2024%2F\">&#xe603;<\/a> <a target=\"_blank\" href=\"https:\/\/plus.google.com\/share?url=https%3A%2F%2Fevenement.eklabul.com%2Fen%2Fportfolios%2Fdark-circus-january-2024%2F\">&#xe602;<\/a> <a target=\"_blank\" href=\"https:\/\/pinterest.com\/pin\/create\/button\/?url=https%3A%2F%2Fevenement.eklabul.com%2Fen%2Fportfolios%2Fdark-circus-january-2024%2F&media=https%3A%2F%2Fevenement.eklabul.com%2Fwp-content%2Fuploads%2F2024%2F01%2FWeb-Dark-Circus-Avignon-23.jpg&description=Dark+Circus+%26%238211%3B+Palais+des+Papes%2C+Avignon\">&#xe605;<\/a> <a target=\"_blank\" href=\"https:\/\/www.linkedin.com\/shareArticle?mini=true&url=https%3A%2F%2Fevenement.eklabul.com%2Fen%2Fportfolios%2Fdark-circus-january-2024%2F&amp;title=Dark+Circus+%26%238211%3B+Palais+des+Papes%2C+Avignon&amp;summary=A+look+back+at+this+crazy+evening+where+champagne+flowed+freely%2C+thanks+in+particular+to+our+artist+dressed+in+a+stunning+champagne-coloured+dress+and+our+artist+on+a+champagne+chandelier.+\">&#xe604;<\/a> <a target=\"_blank\" href=\"http:\/\/www.stumbleupon.com\/submit?url=https%3A%2F%2Fevenement.eklabul.com%2Fen%2Fportfolios%2Fdark-circus-january-2024%2F&amp;title=Dark+Circus+%26%238211%3B+Palais+des+Papes%2C+Avignon\">&#xe606;<\/a> <\/div> <div class=\"overlay\"> <a href=\"https:\/\/evenement.eklabul.com\/en\/portfolios\/dark-circus-january-2024\/\" target=\"_self\" class=\"portolio-item-link self-link \"><\/a> <div class=\"links-wrapper\"> <div class=\"links\"> <a href=\"https:\/\/evenement.eklabul.com\/en\/portfolios\/dark-circus-january-2024\/\" target=\"_self\" class=\"icon self-link \"><\/a> <div class=\"overlay-line\"><\/div> <\/div> <\/div> <\/div> <\/div> <div class=\"caption post-821562 scalia_pf_item type-scalia_pf_item status-publish has-post-thumbnail hentry\"> <div class=\"title\"> Dark Circus &#8211; Palais des Papes, Avignon <\/div> <div class=\"subtitle\"><p>A look back at this crazy evening where champagne flowed freely, thanks in particular to our artist dressed in a stunning champagne-coloured dress and our artist on a champagne chandelier. <\/p>\n<\/div> <\/div> <\/div> <\/div> <div class=\"portfolio-item acrobatic-lifts actors-characters contact-ball corporate-events ep-cinema-en fake-waiters juggler past-events private-parties urban-acrobats col-lg-4 col-md-4 col-sm-6 col-xs-6 post-821534 scalia_pf_item type-scalia_pf_item status-publish has-post-thumbnail hentry\" > <div class=\"wrap clearfix\"> <div class=\"image post-821534 scalia_pf_item type-scalia_pf_item status-publish has-post-thumbnail hentry\"> <div class=\"image-inner\"> <img decoding=\"async\" src=\"https:\/\/evenement.eklabul.com\/wp-content\/uploads\/2023\/07\/Web-Soiree-Cinema-Deauville-eklabul-evenements_7-scalia-portfolio-masonry.jpg\" width=\"754\" height=\"1005\" alt=\"Deauville Film Night &#8211; June 2023\" title=\"\"> <\/div> <span class=\"button\"><span class=\"button-corner\"><span><\/span><b><\/b><\/span><\/span> <div class=\"share\"> <a target=\"_blank\" href=\"https:\/\/www.facebook.com\/sharer\/sharer.php?u=https%3A%2F%2Fevenement.eklabul.com%2Fen%2Fportfolios%2Fdeauville-film-night-june-2023%2F\">&#xe601;<\/a> <a target=\"_blank\" href=\"https:\/\/twitter.com\/intent\/tweet?text=Deauville+Film+Night+%26%238211%3B+June+2023&amp;url=https%3A%2F%2Fevenement.eklabul.com%2Fen%2Fportfolios%2Fdeauville-film-night-june-2023%2F\">&#xe603;<\/a> <a target=\"_blank\" href=\"https:\/\/plus.google.com\/share?url=https%3A%2F%2Fevenement.eklabul.com%2Fen%2Fportfolios%2Fdeauville-film-night-june-2023%2F\">&#xe602;<\/a> <a target=\"_blank\" href=\"https:\/\/pinterest.com\/pin\/create\/button\/?url=https%3A%2F%2Fevenement.eklabul.com%2Fen%2Fportfolios%2Fdeauville-film-night-june-2023%2F&media=https%3A%2F%2Fevenement.eklabul.com%2Fwp-content%2Fuploads%2F2023%2F07%2FWeb-Soiree-Cinema-Deauville-eklabul-evenements_7.jpg&description=Deauville+Film+Night+%26%238211%3B+June+2023\">&#xe605;<\/a> <a target=\"_blank\" href=\"https:\/\/www.linkedin.com\/shareArticle?mini=true&url=https%3A%2F%2Fevenement.eklabul.com%2Fen%2Fportfolios%2Fdeauville-film-night-june-2023%2F&amp;title=Deauville+Film+Night+%26%238211%3B+June+2023&amp;summary=For+a+corporate+congress+held+at+the+Casino+de+Deauville%2C+our+team+of+eight+artists+from+the+French+Riviera+travelled+to+the+Normandy+coast+to+perform+four+circus+walkabouts+on+the+following+themes%3A+Superheroes%2C+Star+Wars%2C+Hollywood+and+French+cinema.%0D%0ATake+a+look+back+at+this+highly+comical+performance%21\">&#xe604;<\/a> <a target=\"_blank\" href=\"http:\/\/www.stumbleupon.com\/submit?url=https%3A%2F%2Fevenement.eklabul.com%2Fen%2Fportfolios%2Fdeauville-film-night-june-2023%2F&amp;title=Deauville+Film+Night+%26%238211%3B+June+2023\">&#xe606;<\/a> <\/div> <div class=\"overlay\"> <a href=\"https:\/\/evenement.eklabul.com\/en\/portfolios\/deauville-film-night-june-2023\/\" target=\"_self\" class=\"portolio-item-link self-link \"><\/a> <div class=\"links-wrapper\"> <div class=\"links\"> <a href=\"https:\/\/evenement.eklabul.com\/en\/portfolios\/deauville-film-night-june-2023\/\" target=\"_self\" class=\"icon self-link \"><\/a> <div class=\"overlay-line\"><\/div> <\/div> <\/div> <\/div> <\/div> <div class=\"caption post-821534 scalia_pf_item type-scalia_pf_item status-publish has-post-thumbnail hentry\"> <div class=\"title\"> Deauville Film Night &#8211; June 2023 <\/div> <div class=\"subtitle\"><p>For a corporate congress held at the Casino de Deauville, our team of eight artists from the French Riviera travelled to the Normandy coast to perform four circus walkabouts on the following themes: Superheroes, Star Wars, Hollywood and French cinema.<br \/>\nTake a look back at this highly comical performance!<\/p>\n<\/div> <\/div> <\/div> <\/div> <div class=\"portfolio-item acrobatic-lifts champagne-chandelier corporate-events fire-breathers juggler past-events private-parties stilts col-lg-4 col-md-4 col-sm-6 col-xs-6 post-821528 scalia_pf_item type-scalia_pf_item status-publish has-post-thumbnail hentry\" > <div class=\"wrap clearfix\"> <div class=\"image post-821528 scalia_pf_item type-scalia_pf_item status-publish has-post-thumbnail hentry\"> <div class=\"image-inner\"> <img decoding=\"async\" src=\"https:\/\/evenement.eklabul.com\/wp-content\/uploads\/2023\/03\/Web-soiree-annex-beach-septembre-2022-eklabul-evenements_24-scalia-portfolio-masonry.jpg\" width=\"754\" height=\"502\" alt=\"Annex Beach Party &#8211; September 2022\" title=\"\"> <\/div> <span class=\"button\"><span class=\"button-corner\"><span><\/span><b><\/b><\/span><\/span> <div class=\"share\"> <a target=\"_blank\" href=\"https:\/\/www.facebook.com\/sharer\/sharer.php?u=https%3A%2F%2Fevenement.eklabul.com%2Fen%2Fportfolios%2Fannex-beach-party-september-2022%2F\">&#xe601;<\/a> <a target=\"_blank\" href=\"https:\/\/twitter.com\/intent\/tweet?text=Annex+Beach+Party+%26%238211%3B+September+2022&amp;url=https%3A%2F%2Fevenement.eklabul.com%2Fen%2Fportfolios%2Fannex-beach-party-september-2022%2F\">&#xe603;<\/a> <a target=\"_blank\" href=\"https:\/\/plus.google.com\/share?url=https%3A%2F%2Fevenement.eklabul.com%2Fen%2Fportfolios%2Fannex-beach-party-september-2022%2F\">&#xe602;<\/a> <a target=\"_blank\" href=\"https:\/\/pinterest.com\/pin\/create\/button\/?url=https%3A%2F%2Fevenement.eklabul.com%2Fen%2Fportfolios%2Fannex-beach-party-september-2022%2F&media=https%3A%2F%2Fevenement.eklabul.com%2Fwp-content%2Fuploads%2F2023%2F03%2FWeb-soiree-annex-beach-septembre-2022-eklabul-evenements_24.jpg&description=Annex+Beach+Party+%26%238211%3B+September+2022\">&#xe605;<\/a> <a target=\"_blank\" href=\"https:\/\/www.linkedin.com\/shareArticle?mini=true&url=https%3A%2F%2Fevenement.eklabul.com%2Fen%2Fportfolios%2Fannex-beach-party-september-2022%2F&amp;title=Annex+Beach+Party+%26%238211%3B+September+2022&amp;summary=On+the+occasion+of+the+annual+RE+MAX+congress%2C+our+artists+travelled+to+Annex+Beach+in+Cannes+to+present+several+performances.\">&#xe604;<\/a> <a target=\"_blank\" href=\"http:\/\/www.stumbleupon.com\/submit?url=https%3A%2F%2Fevenement.eklabul.com%2Fen%2Fportfolios%2Fannex-beach-party-september-2022%2F&amp;title=Annex+Beach+Party+%26%238211%3B+September+2022\">&#xe606;<\/a> <\/div> <div class=\"overlay\"> <a href=\"https:\/\/evenement.eklabul.com\/en\/portfolios\/annex-beach-party-september-2022\/\" target=\"_self\" class=\"portolio-item-link self-link \"><\/a> <div class=\"links-wrapper\"> <div class=\"links\"> <a href=\"https:\/\/evenement.eklabul.com\/en\/portfolios\/annex-beach-party-september-2022\/\" target=\"_self\" class=\"icon self-link \"><\/a> <div class=\"overlay-line\"><\/div> <\/div> <\/div> <\/div> <\/div> <div class=\"caption post-821528 scalia_pf_item type-scalia_pf_item status-publish has-post-thumbnail hentry\"> <div class=\"title\"> Annex Beach Party &#8211; September 2022 <\/div> <div class=\"subtitle\"><p>On the occasion of the annual RE MAX congress, our artists travelled to Annex Beach in Cannes to present several performances.<\/p>\n<\/div> <\/div> <\/div> <\/div> <div class=\"portfolio-item acrobatic-lifts corporate-events juggler past-events col-lg-4 col-md-4 col-sm-6 col-xs-6 post-821511 scalia_pf_item type-scalia_pf_item status-publish has-post-thumbnail hentry\" > <div class=\"wrap clearfix\"> <div class=\"image post-821511 scalia_pf_item type-scalia_pf_item status-publish has-post-thumbnail hentry\"> <div class=\"image-inner\"> <img decoding=\"async\" src=\"https:\/\/evenement.eklabul.com\/wp-content\/uploads\/2023\/02\/inauguration-campus-nice-2022-eklabul-evenements_34-scalia-portfolio-masonry.jpg\" width=\"754\" height=\"603\" alt=\"Inauguration Campus Sud des M\u00e9tiers &#8211; September 2022\" title=\"\"> <\/div> <span class=\"button\"><span class=\"button-corner\"><span><\/span><b><\/b><\/span><\/span> <div class=\"share\"> <a target=\"_blank\" href=\"https:\/\/www.facebook.com\/sharer\/sharer.php?u=https%3A%2F%2Fevenement.eklabul.com%2Fen%2Fportfolios%2Finauguration-campus-sud-des-metiers-september-2022%2F\">&#xe601;<\/a> <a target=\"_blank\" href=\"https:\/\/twitter.com\/intent\/tweet?text=Inauguration+Campus+Sud+des+M%C3%A9tiers+%26%238211%3B+September+2022&amp;url=https%3A%2F%2Fevenement.eklabul.com%2Fen%2Fportfolios%2Finauguration-campus-sud-des-metiers-september-2022%2F\">&#xe603;<\/a> <a target=\"_blank\" href=\"https:\/\/plus.google.com\/share?url=https%3A%2F%2Fevenement.eklabul.com%2Fen%2Fportfolios%2Finauguration-campus-sud-des-metiers-september-2022%2F\">&#xe602;<\/a> <a target=\"_blank\" href=\"https:\/\/pinterest.com\/pin\/create\/button\/?url=https%3A%2F%2Fevenement.eklabul.com%2Fen%2Fportfolios%2Finauguration-campus-sud-des-metiers-september-2022%2F&media=https%3A%2F%2Fevenement.eklabul.com%2Fwp-content%2Fuploads%2F2023%2F02%2Finauguration-campus-nice-2022-eklabul-evenements_34.jpg&description=Inauguration+Campus+Sud+des+M%C3%A9tiers+%26%238211%3B+September+2022\">&#xe605;<\/a> <a target=\"_blank\" href=\"https:\/\/www.linkedin.com\/shareArticle?mini=true&url=https%3A%2F%2Fevenement.eklabul.com%2Fen%2Fportfolios%2Finauguration-campus-sud-des-metiers-september-2022%2F&amp;title=Inauguration+Campus+Sud+des+M%C3%A9tiers+%26%238211%3B+September+2022&amp;summary=For+this+inauguration%2C+the+guests+were+welcomed+by+our+artists+on+the+ground+%28acrobats+and+jugglers%29%2C+accompanied+live+by+our+colourful+music+group.+\">&#xe604;<\/a> <a target=\"_blank\" href=\"http:\/\/www.stumbleupon.com\/submit?url=https%3A%2F%2Fevenement.eklabul.com%2Fen%2Fportfolios%2Finauguration-campus-sud-des-metiers-september-2022%2F&amp;title=Inauguration+Campus+Sud+des+M%C3%A9tiers+%26%238211%3B+September+2022\">&#xe606;<\/a> <\/div> <div class=\"overlay\"> <a href=\"https:\/\/evenement.eklabul.com\/en\/portfolios\/inauguration-campus-sud-des-metiers-september-2022\/\" target=\"_self\" class=\"portolio-item-link self-link \"><\/a> <div class=\"links-wrapper\"> <div class=\"links\"> <a href=\"https:\/\/evenement.eklabul.com\/en\/portfolios\/inauguration-campus-sud-des-metiers-september-2022\/\" target=\"_self\" class=\"icon self-link \"><\/a> <div class=\"overlay-line\"><\/div> <\/div> <\/div> <\/div> <\/div> <div class=\"caption post-821511 scalia_pf_item type-scalia_pf_item status-publish has-post-thumbnail hentry\"> <div class=\"title\"> Inauguration Campus Sud des M\u00e9tiers &#8211; September 2022 <\/div> <div class=\"subtitle\"><p>For this inauguration, the guests were welcomed by our artists on the ground (acrobats and jugglers), accompanied live by our colourful music group. <\/p>\n<\/div> <\/div> <\/div> <\/div> <div class=\"portfolio-item acrobatic-lifts corporate-events juggler past-events pixel-poi-en stilts col-lg-4 col-md-4 col-sm-6 col-xs-6 post-821501 scalia_pf_item type-scalia_pf_item status-publish has-post-thumbnail hentry\" > <div class=\"wrap clearfix\"> <div class=\"image post-821501 scalia_pf_item type-scalia_pf_item status-publish has-post-thumbnail hentry\"> <div class=\"image-inner\"> <img decoding=\"async\" src=\"https:\/\/evenement.eklabul.com\/wp-content\/uploads\/2022\/05\/Web-soiree-la-palestre-Eklabul-evenements_23-scalia-portfolio-masonry.jpg\" width=\"754\" height=\"566\" alt=\"Gala Evening &#8211; May 2022\" title=\"\"> <\/div> <span class=\"button\"><span class=\"button-corner\"><span><\/span><b><\/b><\/span><\/span> <div class=\"share\"> <a target=\"_blank\" href=\"https:\/\/www.facebook.com\/sharer\/sharer.php?u=https%3A%2F%2Fevenement.eklabul.com%2Fen%2Fportfolios%2Fgala-evening-may-2022%2F\">&#xe601;<\/a> <a target=\"_blank\" href=\"https:\/\/twitter.com\/intent\/tweet?text=Gala+Evening+%26%238211%3B+May+2022&amp;url=https%3A%2F%2Fevenement.eklabul.com%2Fen%2Fportfolios%2Fgala-evening-may-2022%2F\">&#xe603;<\/a> <a target=\"_blank\" href=\"https:\/\/plus.google.com\/share?url=https%3A%2F%2Fevenement.eklabul.com%2Fen%2Fportfolios%2Fgala-evening-may-2022%2F\">&#xe602;<\/a> <a target=\"_blank\" href=\"https:\/\/pinterest.com\/pin\/create\/button\/?url=https%3A%2F%2Fevenement.eklabul.com%2Fen%2Fportfolios%2Fgala-evening-may-2022%2F&media=https%3A%2F%2Fevenement.eklabul.com%2Fwp-content%2Fuploads%2F2022%2F05%2FWeb-soiree-la-palestre-Eklabul-evenements_23.jpg&description=Gala+Evening+%26%238211%3B+May+2022\">&#xe605;<\/a> <a target=\"_blank\" href=\"https:\/\/www.linkedin.com\/shareArticle?mini=true&url=https%3A%2F%2Fevenement.eklabul.com%2Fen%2Fportfolios%2Fgala-evening-may-2022%2F&amp;title=Gala+Evening+%26%238211%3B+May+2022&amp;summary=For+an+American+seminar%2C+our+artists+travelled+to+Le+Cannet%2C+to+the+Salle+de+la+Palestre%2C+to+offer+a+variety+of+performances.\">&#xe604;<\/a> <a target=\"_blank\" href=\"http:\/\/www.stumbleupon.com\/submit?url=https%3A%2F%2Fevenement.eklabul.com%2Fen%2Fportfolios%2Fgala-evening-may-2022%2F&amp;title=Gala+Evening+%26%238211%3B+May+2022\">&#xe606;<\/a> <\/div> <div class=\"overlay\"> <a href=\"https:\/\/evenement.eklabul.com\/en\/portfolios\/gala-evening-may-2022\/\" target=\"_self\" class=\"portolio-item-link self-link \"><\/a> <div class=\"links-wrapper\"> <div class=\"links\"> <a href=\"https:\/\/evenement.eklabul.com\/en\/portfolios\/gala-evening-may-2022\/\" target=\"_self\" class=\"icon self-link \"><\/a> <div class=\"overlay-line\"><\/div> <\/div> <\/div> <\/div> <\/div> <div class=\"caption post-821501 scalia_pf_item type-scalia_pf_item status-publish has-post-thumbnail hentry\"> <div class=\"title\"> Gala Evening &#8211; May 2022 <\/div> <div class=\"subtitle\"><p>For an American seminar, our artists travelled to Le Cannet, to the Salle de la Palestre, to offer a variety of performances.<\/p>\n<\/div> <\/div> <\/div> <\/div> <div class=\"portfolio-item ep-aquatic atmo2sphere-en corporate-events past-events private-parties col-lg-4 col-md-4 col-sm-6 col-xs-6 post-821390 scalia_pf_item type-scalia_pf_item status-publish has-post-thumbnail hentry\" > <div class=\"wrap clearfix\"> <div class=\"image post-821390 scalia_pf_item type-scalia_pf_item status-publish has-post-thumbnail hentry\"> <div class=\"image-inner\"> <img decoding=\"async\" src=\"https:\/\/evenement.eklabul.com\/wp-content\/uploads\/2019\/11\/Bulle-Monaco-MC-Bay-octobre-2019-10-Eklabul-evenements-scalia-portfolio-masonry.jpg\" width=\"754\" height=\"424\" alt=\"AtmO\u00b2sph\u00e8re in Monaco &#8211; October 2019\" title=\"\"> <\/div> <span class=\"button\"><span class=\"button-corner\"><span><\/span><b><\/b><\/span><\/span> <div class=\"share\"> <a target=\"_blank\" href=\"https:\/\/www.facebook.com\/sharer\/sharer.php?u=https%3A%2F%2Fevenement.eklabul.com%2Fen%2Fportfolios%2Fatmo2sphere-in-monaco-october-2019%2F\">&#xe601;<\/a> <a target=\"_blank\" href=\"https:\/\/twitter.com\/intent\/tweet?text=AtmO%C2%B2sph%C3%A8re+in+Monaco+%26%238211%3B+October+2019&amp;url=https%3A%2F%2Fevenement.eklabul.com%2Fen%2Fportfolios%2Fatmo2sphere-in-monaco-october-2019%2F\">&#xe603;<\/a> <a target=\"_blank\" href=\"https:\/\/plus.google.com\/share?url=https%3A%2F%2Fevenement.eklabul.com%2Fen%2Fportfolios%2Fatmo2sphere-in-monaco-october-2019%2F\">&#xe602;<\/a> <a target=\"_blank\" href=\"https:\/\/pinterest.com\/pin\/create\/button\/?url=https%3A%2F%2Fevenement.eklabul.com%2Fen%2Fportfolios%2Fatmo2sphere-in-monaco-october-2019%2F&media=https%3A%2F%2Fevenement.eklabul.com%2Fwp-content%2Fuploads%2F2019%2F11%2FBulle-Monaco-MC-Bay-octobre-2019-10-Eklabul-evenements.jpg&description=AtmO%C2%B2sph%C3%A8re+in+Monaco+%26%238211%3B+October+2019\">&#xe605;<\/a> <a target=\"_blank\" href=\"https:\/\/www.linkedin.com\/shareArticle?mini=true&url=https%3A%2F%2Fevenement.eklabul.com%2Fen%2Fportfolios%2Fatmo2sphere-in-monaco-october-2019%2F&amp;title=AtmO%C2%B2sph%C3%A8re+in+Monaco+%26%238211%3B+October+2019&amp;summary=During+the+closing+ceremony+of+the+Security+Conference+held+at+MC+Bay%2C+Eklabul+took+the+opportunity+to+present+our+Atm0%C2%B2sph%C3%A8re+bubble+for+the+first+time+at+this+venue%2C+displaying+two+artistic+panels.\">&#xe604;<\/a> <a target=\"_blank\" href=\"http:\/\/www.stumbleupon.com\/submit?url=https%3A%2F%2Fevenement.eklabul.com%2Fen%2Fportfolios%2Fatmo2sphere-in-monaco-october-2019%2F&amp;title=AtmO%C2%B2sph%C3%A8re+in+Monaco+%26%238211%3B+October+2019\">&#xe606;<\/a> <\/div> <div class=\"overlay\"> <a href=\"https:\/\/evenement.eklabul.com\/en\/portfolios\/atmo2sphere-in-monaco-october-2019\/\" target=\"_self\" class=\"portolio-item-link self-link \"><\/a> <div class=\"links-wrapper\"> <div class=\"links\"> <a href=\"https:\/\/evenement.eklabul.com\/en\/portfolios\/atmo2sphere-in-monaco-october-2019\/\" target=\"_self\" class=\"icon self-link \"><\/a> <div class=\"overlay-line\"><\/div> <\/div> <\/div> <\/div> <\/div> <div class=\"caption post-821390 scalia_pf_item type-scalia_pf_item status-publish has-post-thumbnail hentry\"> <div class=\"title\"> AtmO\u00b2sph\u00e8re in Monaco &#8211; October 2019 <\/div> <div class=\"subtitle\"><p>During the closing ceremony of the Security Conference held at MC Bay, Eklabul took the opportunity to present our Atm0\u00b2sph\u00e8re bubble for the first time at this venue, displaying two artistic panels.<\/p>\n<\/div> <\/div> <\/div> <\/div> <div class=\"portfolio-item corporate-events home-page past-events private-parties themes-evenements-passes-en themes-gatsby-evenements-passes-en col-lg-4 col-md-4 col-sm-6 col-xs-6 post-942729 scalia_pf_item type-scalia_pf_item status-publish has-post-thumbnail hentry\" > <div class=\"wrap clearfix\"> <div class=\"image post-942729 scalia_pf_item type-scalia_pf_item status-publish has-post-thumbnail hentry\"> <div class=\"image-inner\"> <img decoding=\"async\" src=\"https:\/\/evenement.eklabul.com\/wp-content\/uploads\/2019\/10\/Soir\u00e9e-Gatsby-octobre-2019-05-Eklabul-evenements-scalia-portfolio-masonry.jpg\" width=\"754\" height=\"503\" alt=\"Gatsby Party in Cannes\" title=\"\"> <\/div> <span class=\"button\"><span class=\"button-corner\"><span><\/span><b><\/b><\/span><\/span> <div class=\"share\"> <a target=\"_blank\" href=\"https:\/\/www.facebook.com\/sharer\/sharer.php?u=https%3A%2F%2Fevenement.eklabul.com%2Fen%2Fportfolios%2Fgatsby-party-in-cannes%2F\">&#xe601;<\/a> <a target=\"_blank\" href=\"https:\/\/twitter.com\/intent\/tweet?text=Gatsby+Party+in+Cannes&amp;url=https%3A%2F%2Fevenement.eklabul.com%2Fen%2Fportfolios%2Fgatsby-party-in-cannes%2F\">&#xe603;<\/a> <a target=\"_blank\" href=\"https:\/\/plus.google.com\/share?url=https%3A%2F%2Fevenement.eklabul.com%2Fen%2Fportfolios%2Fgatsby-party-in-cannes%2F\">&#xe602;<\/a> <a target=\"_blank\" href=\"https:\/\/pinterest.com\/pin\/create\/button\/?url=https%3A%2F%2Fevenement.eklabul.com%2Fen%2Fportfolios%2Fgatsby-party-in-cannes%2F&media=https%3A%2F%2Fevenement.eklabul.com%2Fwp-content%2Fuploads%2F2019%2F10%2FSoir%C3%A9e-Gatsby-octobre-2019-05-Eklabul-evenements.jpg&description=Gatsby+Party+in+Cannes\">&#xe605;<\/a> <a target=\"_blank\" href=\"https:\/\/www.linkedin.com\/shareArticle?mini=true&url=https%3A%2F%2Fevenement.eklabul.com%2Fen%2Fportfolios%2Fgatsby-party-in-cannes%2F&amp;title=Gatsby+Party+in+Cannes&amp;summary=During+a+corporate+party+on+the+renowned+Cannes+beach%2C+%E2%80%9CL%27Annex+Beach%E2%80%9D%2C+our+artists+were+on+hand+to+entertain+the+guests.\">&#xe604;<\/a> <a target=\"_blank\" href=\"http:\/\/www.stumbleupon.com\/submit?url=https%3A%2F%2Fevenement.eklabul.com%2Fen%2Fportfolios%2Fgatsby-party-in-cannes%2F&amp;title=Gatsby+Party+in+Cannes\">&#xe606;<\/a> <\/div> <div class=\"overlay\"> <a href=\"https:\/\/evenement.eklabul.com\/en\/portfolios\/gatsby-party-in-cannes\/\" target=\"_self\" class=\"portolio-item-link self-link \"><\/a> <div class=\"links-wrapper\"> <div class=\"links\"> <a href=\"https:\/\/evenement.eklabul.com\/en\/portfolios\/gatsby-party-in-cannes\/\" target=\"_self\" class=\"icon self-link \"><\/a> <div class=\"overlay-line\"><\/div> <\/div> <\/div> <\/div> <\/div> <div class=\"caption post-942729 scalia_pf_item type-scalia_pf_item status-publish has-post-thumbnail hentry\"> <div class=\"title\"> Gatsby Party in Cannes <\/div> <div class=\"subtitle\"><p>During a corporate party on the renowned Cannes beach, \u201cL&#8217;Annex Beach\u201d, our artists were on hand to entertain the guests.<\/p>\n<\/div> <\/div> <\/div> <\/div> <div class=\"portfolio-item corporate-events ep-structures-enflammees-en fire-jugglers-dancers home-page past-events private-parties col-lg-4 col-md-4 col-sm-6 col-xs-6 post-942708 scalia_pf_item type-scalia_pf_item status-publish has-post-thumbnail hentry\" > <div class=\"wrap clearfix\"> <div class=\"image post-942708 scalia_pf_item type-scalia_pf_item status-publish has-post-thumbnail hentry\"> <div class=\"image-inner\"> <img decoding=\"async\" src=\"https:\/\/evenement.eklabul.com\/wp-content\/uploads\/2019\/06\/Soir\u00e9e-feu-YSL-32-Eklabul-evenements-scalia-portfolio-masonry.jpg\" width=\"754\" height=\"503\" alt=\"Party Evening for YSL\" title=\"\"> <\/div> <span class=\"button\"><span class=\"button-corner\"><span><\/span><b><\/b><\/span><\/span> <div class=\"share\"> <a target=\"_blank\" href=\"https:\/\/www.facebook.com\/sharer\/sharer.php?u=https%3A%2F%2Fevenement.eklabul.com%2Fen%2Fportfolios%2Fparty-evening-for-ysl%2F\">&#xe601;<\/a> <a target=\"_blank\" href=\"https:\/\/twitter.com\/intent\/tweet?text=Party+Evening+for+YSL&amp;url=https%3A%2F%2Fevenement.eklabul.com%2Fen%2Fportfolios%2Fparty-evening-for-ysl%2F\">&#xe603;<\/a> <a target=\"_blank\" href=\"https:\/\/plus.google.com\/share?url=https%3A%2F%2Fevenement.eklabul.com%2Fen%2Fportfolios%2Fparty-evening-for-ysl%2F\">&#xe602;<\/a> <a target=\"_blank\" href=\"https:\/\/pinterest.com\/pin\/create\/button\/?url=https%3A%2F%2Fevenement.eklabul.com%2Fen%2Fportfolios%2Fparty-evening-for-ysl%2F&media=https%3A%2F%2Fevenement.eklabul.com%2Fwp-content%2Fuploads%2F2019%2F06%2FSoir%C3%A9e-feu-YSL-32-Eklabul-evenements.jpg&description=Party+Evening+for+YSL\">&#xe605;<\/a> <a target=\"_blank\" href=\"https:\/\/www.linkedin.com\/shareArticle?mini=true&url=https%3A%2F%2Fevenement.eklabul.com%2Fen%2Fportfolios%2Fparty-evening-for-ysl%2F&amp;title=Party+Evening+for+YSL&amp;summary=%5Bvc_row%5D%5Bvc_column+width%3D%26%238221%3B2%2F3%26%238243%3B%5D%5Bvc_column_text+css_animation%3D%26%238221%3Btop-to-bottom%26%238221%3B+css%3D%26%238221%3B%26%238221%3B%5D+Extraordinary+Gala+Night+for+Yves+Saint+Laurent+Our+artists+from+Eklabul+performed+in+Cap+d%26%238217%3BAil%2C+on...\">&#xe604;<\/a> <a target=\"_blank\" href=\"http:\/\/www.stumbleupon.com\/submit?url=https%3A%2F%2Fevenement.eklabul.com%2Fen%2Fportfolios%2Fparty-evening-for-ysl%2F&amp;title=Party+Evening+for+YSL\">&#xe606;<\/a> <\/div> <div class=\"overlay\"> <a href=\"https:\/\/evenement.eklabul.com\/en\/portfolios\/party-evening-for-ysl\/\" target=\"_self\" class=\"portolio-item-link self-link \"><\/a> <div class=\"links-wrapper\"> <div class=\"links\"> <a href=\"https:\/\/evenement.eklabul.com\/en\/portfolios\/party-evening-for-ysl\/\" target=\"_self\" class=\"icon self-link \"><\/a> <div class=\"overlay-line\"><\/div> <\/div> <\/div> <\/div> <\/div> <div class=\"caption post-942708 scalia_pf_item type-scalia_pf_item status-publish has-post-thumbnail hentry\"> <div class=\"title\"> Party Evening for YSL <\/div> <\/div> <\/div> <\/div> <div class=\"portfolio-item corporate-events past-events private-parties col-lg-4 col-md-4 col-sm-6 col-xs-6 post-10317 scalia_pf_item type-scalia_pf_item status-publish has-post-thumbnail hentry\" > <div class=\"wrap clearfix\"> <div class=\"image post-10317 scalia_pf_item type-scalia_pf_item status-publish has-post-thumbnail hentry\"> <div class=\"image-inner\"> <img decoding=\"async\" src=\"https:\/\/evenement.eklabul.com\/wp-content\/uploads\/2018\/04\/Multicordes-Salle-des-Etoiles-02-Eklabul-Ev\u00e9nements1-scalia-portfolio-masonry.jpg\" width=\"754\" height=\"424\" alt=\"Jungle Party at the sporting of Monaco\" title=\"\"> <\/div> <span class=\"button\"><span class=\"button-corner\"><span><\/span><b><\/b><\/span><\/span> <div class=\"share\"> <a target=\"_blank\" href=\"https:\/\/www.facebook.com\/sharer\/sharer.php?u=https%3A%2F%2Fevenement.eklabul.com%2Fen%2Fportfolios%2Fjungle-evening-at-the-sporting-of-monaco%2F\">&#xe601;<\/a> <a target=\"_blank\" href=\"https:\/\/twitter.com\/intent\/tweet?text=Jungle+Party+at+the+sporting+of+Monaco&amp;url=https%3A%2F%2Fevenement.eklabul.com%2Fen%2Fportfolios%2Fjungle-evening-at-the-sporting-of-monaco%2F\">&#xe603;<\/a> <a target=\"_blank\" href=\"https:\/\/plus.google.com\/share?url=https%3A%2F%2Fevenement.eklabul.com%2Fen%2Fportfolios%2Fjungle-evening-at-the-sporting-of-monaco%2F\">&#xe602;<\/a> <a target=\"_blank\" href=\"https:\/\/pinterest.com\/pin\/create\/button\/?url=https%3A%2F%2Fevenement.eklabul.com%2Fen%2Fportfolios%2Fjungle-evening-at-the-sporting-of-monaco%2F&media=https%3A%2F%2Fevenement.eklabul.com%2Fwp-content%2Fuploads%2F2018%2F04%2FMulticordes-Salle-des-Etoiles-02-Eklabul-Ev%C3%A9nements1.jpg&description=Jungle+Party+at+the+sporting+of+Monaco\">&#xe605;<\/a> <a target=\"_blank\" href=\"https:\/\/www.linkedin.com\/shareArticle?mini=true&url=https%3A%2F%2Fevenement.eklabul.com%2Fen%2Fportfolios%2Fjungle-evening-at-the-sporting-of-monaco%2F&amp;title=Jungle+Party+at+the+sporting+of+Monaco&amp;summary=%5Bvc_row+full_width%3D%26%238221%3B%26%238221%3B+parallax%3D%26%238221%3B%26%238221%3B+parallax_image%3D%26%238221%3B%26%238221%3B%5D%5Bvc_column+width%3D%26%238221%3B2%2F3%26%238243%3B%5D%5Bvc_column_text+css_animation%3D%26%238221%3Btop-to-bottom%26%238221%3B%5D+Multicordes+in+the%C2%A0Salle+des+Etoiles+It+is+in+the+famous%C2%A0Salle+des+Etoiles+that+our...\">&#xe604;<\/a> <a target=\"_blank\" href=\"http:\/\/www.stumbleupon.com\/submit?url=https%3A%2F%2Fevenement.eklabul.com%2Fen%2Fportfolios%2Fjungle-evening-at-the-sporting-of-monaco%2F&amp;title=Jungle+Party+at+the+sporting+of+Monaco\">&#xe606;<\/a> <\/div> <div class=\"overlay\"> <a href=\"https:\/\/evenement.eklabul.com\/en\/portfolios\/jungle-evening-at-the-sporting-of-monaco\/\" target=\"_self\" class=\"portolio-item-link self-link \"><\/a> <div class=\"links-wrapper\"> <div class=\"links\"> <a href=\"https:\/\/evenement.eklabul.com\/en\/portfolios\/jungle-evening-at-the-sporting-of-monaco\/\" target=\"_self\" class=\"icon self-link \"><\/a> <div class=\"overlay-line\"><\/div> <\/div> <\/div> <\/div> <\/div> <div class=\"caption post-10317 scalia_pf_item type-scalia_pf_item status-publish has-post-thumbnail hentry\"> <div class=\"title\"> Jungle Party at the sporting of Monaco <\/div> <\/div> <\/div> <\/div> <div class=\"portfolio-item corporate-events past-events private-parties col-lg-4 col-md-4 col-sm-6 col-xs-6 post-10269 scalia_pf_item type-scalia_pf_item status-publish has-post-thumbnail hentry\" > <div class=\"wrap clearfix\"> <div class=\"image post-10269 scalia_pf_item type-scalia_pf_item status-publish has-post-thumbnail hentry\"> <div class=\"image-inner\"> <img decoding=\"async\" src=\"https:\/\/evenement.eklabul.com\/wp-content\/uploads\/2018\/04\/Soir\u00e9e-Toyota-YCM-15-Eklabul-Evenements-scalia-portfolio-masonry.jpg\" width=\"754\" height=\"424\" alt=\"Corporate party at the Yacht Club of Monaco\" title=\"\"> <\/div> <span class=\"button\"><span class=\"button-corner\"><span><\/span><b><\/b><\/span><\/span> <div class=\"share\"> <a target=\"_blank\" href=\"https:\/\/www.facebook.com\/sharer\/sharer.php?u=https%3A%2F%2Fevenement.eklabul.com%2Fen%2Fportfolios%2Fcompany-evening-party-at-the-yacht-club-of-monaco%2F\">&#xe601;<\/a> <a target=\"_blank\" href=\"https:\/\/twitter.com\/intent\/tweet?text=Corporate+party+at+the+Yacht+Club+of+Monaco&amp;url=https%3A%2F%2Fevenement.eklabul.com%2Fen%2Fportfolios%2Fcompany-evening-party-at-the-yacht-club-of-monaco%2F\">&#xe603;<\/a> <a target=\"_blank\" href=\"https:\/\/plus.google.com\/share?url=https%3A%2F%2Fevenement.eklabul.com%2Fen%2Fportfolios%2Fcompany-evening-party-at-the-yacht-club-of-monaco%2F\">&#xe602;<\/a> <a target=\"_blank\" href=\"https:\/\/pinterest.com\/pin\/create\/button\/?url=https%3A%2F%2Fevenement.eklabul.com%2Fen%2Fportfolios%2Fcompany-evening-party-at-the-yacht-club-of-monaco%2F&media=https%3A%2F%2Fevenement.eklabul.com%2Fwp-content%2Fuploads%2F2018%2F04%2FSoir%C3%A9e-Toyota-YCM-15-Eklabul-Evenements.jpg&description=Corporate+party+at+the+Yacht+Club+of+Monaco\">&#xe605;<\/a> <a target=\"_blank\" href=\"https:\/\/www.linkedin.com\/shareArticle?mini=true&url=https%3A%2F%2Fevenement.eklabul.com%2Fen%2Fportfolios%2Fcompany-evening-party-at-the-yacht-club-of-monaco%2F&amp;title=Corporate+party+at+the+Yacht+Club+of+Monaco&amp;summary=%5Bvc_row+full_width%3D%26%238221%3B%26%238221%3B+parallax%3D%26%238221%3B%26%238221%3B+parallax_image%3D%26%238221%3B%26%238221%3B%5D%5Bvc_column+width%3D%26%238221%3B2%2F3%26%238243%3B%5D%5Bvc_column_text+css_animation%3D%26%238221%3Btop-to-bottom%26%238221%3B%5D+Toyota+Lexus+Awards+Ceremony+It+is+in+Monaco+that+the+Russian+branch+of+Toyota...\">&#xe604;<\/a> <a target=\"_blank\" href=\"http:\/\/www.stumbleupon.com\/submit?url=https%3A%2F%2Fevenement.eklabul.com%2Fen%2Fportfolios%2Fcompany-evening-party-at-the-yacht-club-of-monaco%2F&amp;title=Corporate+party+at+the+Yacht+Club+of+Monaco\">&#xe606;<\/a> <\/div> <div class=\"overlay\"> <a href=\"https:\/\/evenement.eklabul.com\/en\/portfolios\/company-evening-party-at-the-yacht-club-of-monaco\/\" target=\"_self\" class=\"portolio-item-link self-link \"><\/a> <div class=\"links-wrapper\"> <div class=\"links\"> <a href=\"https:\/\/evenement.eklabul.com\/en\/portfolios\/company-evening-party-at-the-yacht-club-of-monaco\/\" target=\"_self\" class=\"icon self-link \"><\/a> <div class=\"overlay-line\"><\/div> <\/div> <\/div> <\/div> <\/div> <div class=\"caption post-10269 scalia_pf_item type-scalia_pf_item status-publish has-post-thumbnail hentry\"> <div class=\"title\"> Corporate party at the Yacht Club of Monaco <\/div> <\/div> <\/div> <\/div> <div class=\"portfolio-item corporate-events past-events private-parties col-lg-4 col-md-4 col-sm-6 col-xs-6 post-10186 scalia_pf_item type-scalia_pf_item status-publish has-post-thumbnail hentry\" > <div class=\"wrap clearfix\"> <div class=\"image post-10186 scalia_pf_item type-scalia_pf_item status-publish has-post-thumbnail hentry\"> <div class=\"image-inner\"> <img decoding=\"async\" src=\"https:\/\/evenement.eklabul.com\/wp-content\/uploads\/2017\/01\/Soir\u00e9e-Audi-Bordeaux-16-Eklabul-Evenements--scalia-portfolio-masonry.jpg\" width=\"754\" height=\"1131\" alt=\"Audi party in Bordeaux\" title=\"\"> <\/div> <span class=\"button\"><span class=\"button-corner\"><span><\/span><b><\/b><\/span><\/span> <div class=\"share\"> <a target=\"_blank\" href=\"https:\/\/www.facebook.com\/sharer\/sharer.php?u=https%3A%2F%2Fevenement.eklabul.com%2Fen%2Fportfolios%2Faudi-party-bordeaux%2F\">&#xe601;<\/a> <a target=\"_blank\" href=\"https:\/\/twitter.com\/intent\/tweet?text=Audi+party+in+Bordeaux&amp;url=https%3A%2F%2Fevenement.eklabul.com%2Fen%2Fportfolios%2Faudi-party-bordeaux%2F\">&#xe603;<\/a> <a target=\"_blank\" href=\"https:\/\/plus.google.com\/share?url=https%3A%2F%2Fevenement.eklabul.com%2Fen%2Fportfolios%2Faudi-party-bordeaux%2F\">&#xe602;<\/a> <a target=\"_blank\" href=\"https:\/\/pinterest.com\/pin\/create\/button\/?url=https%3A%2F%2Fevenement.eklabul.com%2Fen%2Fportfolios%2Faudi-party-bordeaux%2F&media=https%3A%2F%2Fevenement.eklabul.com%2Fwp-content%2Fuploads%2F2017%2F01%2FSoir%C3%A9e-Audi-Bordeaux-16-Eklabul-Evenements-.jpg&description=Audi+party+in+Bordeaux\">&#xe605;<\/a> <a target=\"_blank\" href=\"https:\/\/www.linkedin.com\/shareArticle?mini=true&url=https%3A%2F%2Fevenement.eklabul.com%2Fen%2Fportfolios%2Faudi-party-bordeaux%2F&amp;title=Audi+party+in+Bordeaux&amp;summary=%5Bvc_row+full_width%3D%26%238221%3B%26%238221%3B+parallax%3D%26%238221%3B%26%238221%3B+parallax_image%3D%26%238221%3B%26%238221%3B%5D%5Bvc_column+width%3D%26%238221%3B2%2F3%26%238243%3B%5D%5Bvc_column_text+css_animation%3D%26%238221%3Btop-to-bottom%26%238221%3B%5D+Inauguration+of+the+new+Audi+dealership+For+its+two+consecutive%C2%A0opening+nights%2C+the+Audi+dealer...\">&#xe604;<\/a> <a target=\"_blank\" href=\"http:\/\/www.stumbleupon.com\/submit?url=https%3A%2F%2Fevenement.eklabul.com%2Fen%2Fportfolios%2Faudi-party-bordeaux%2F&amp;title=Audi+party+in+Bordeaux\">&#xe606;<\/a> <\/div> <div class=\"overlay\"> <a href=\"https:\/\/evenement.eklabul.com\/en\/portfolios\/audi-party-bordeaux\/\" target=\"_self\" class=\"portolio-item-link self-link \"><\/a> <div class=\"links-wrapper\"> <div class=\"links\"> <a href=\"https:\/\/evenement.eklabul.com\/en\/portfolios\/audi-party-bordeaux\/\" target=\"_self\" class=\"icon self-link \"><\/a> <div class=\"overlay-line\"><\/div> <\/div> <\/div> <\/div> <\/div> <div class=\"caption post-10186 scalia_pf_item type-scalia_pf_item status-publish has-post-thumbnail hentry\"> <div class=\"title\"> Audi party in Bordeaux <\/div> <\/div> <\/div> <\/div> <div class=\"portfolio-item corporate-events past-events private-parties col-lg-4 col-md-4 col-sm-6 col-xs-6 post-10175 scalia_pf_item type-scalia_pf_item status-publish has-post-thumbnail hentry\" > <div class=\"wrap clearfix\"> <div class=\"image post-10175 scalia_pf_item type-scalia_pf_item status-publish has-post-thumbnail hentry\"> <div class=\"image-inner\"> <img decoding=\"async\" src=\"https:\/\/evenement.eklabul.com\/wp-content\/uploads\/2017\/01\/Soir\u00e9e-personnel-Grimaldi-Forum-06-Eklabul-Evenements--scalia-portfolio-masonry.jpg\" width=\"754\" height=\"424\" alt=\"Grimaldi Forum Party\" title=\"\"> <\/div> <span class=\"button\"><span class=\"button-corner\"><span><\/span><b><\/b><\/span><\/span> <div class=\"share\"> <a target=\"_blank\" href=\"https:\/\/www.facebook.com\/sharer\/sharer.php?u=https%3A%2F%2Fevenement.eklabul.com%2Fen%2Fportfolios%2Fgrimaldi-forum-evening%2F\">&#xe601;<\/a> <a target=\"_blank\" href=\"https:\/\/twitter.com\/intent\/tweet?text=Grimaldi+Forum+Party&amp;url=https%3A%2F%2Fevenement.eklabul.com%2Fen%2Fportfolios%2Fgrimaldi-forum-evening%2F\">&#xe603;<\/a> <a target=\"_blank\" href=\"https:\/\/plus.google.com\/share?url=https%3A%2F%2Fevenement.eklabul.com%2Fen%2Fportfolios%2Fgrimaldi-forum-evening%2F\">&#xe602;<\/a> <a target=\"_blank\" href=\"https:\/\/pinterest.com\/pin\/create\/button\/?url=https%3A%2F%2Fevenement.eklabul.com%2Fen%2Fportfolios%2Fgrimaldi-forum-evening%2F&media=https%3A%2F%2Fevenement.eklabul.com%2Fwp-content%2Fuploads%2F2017%2F01%2FSoir%C3%A9e-personnel-Grimaldi-Forum-06-Eklabul-Evenements-.jpg&description=Grimaldi+Forum+Party\">&#xe605;<\/a> <a target=\"_blank\" href=\"https:\/\/www.linkedin.com\/shareArticle?mini=true&url=https%3A%2F%2Fevenement.eklabul.com%2Fen%2Fportfolios%2Fgrimaldi-forum-evening%2F&amp;title=Grimaldi+Forum+Party&amp;summary=%5Bvc_row+full_width%3D%26%238221%3B%26%238221%3B+parallax%3D%26%238221%3B%26%238221%3B+parallax_image%3D%26%238221%3B%26%238221%3B%5D%5Bvc_column+width%3D%26%238221%3B2%2F3%26%238243%3B%5D%5Bvc_column_text+css_animation%3D%26%238221%3Btop-to-bottom%26%238221%3B%5D+80%26%238217%3Bs+themed+party+in+Monaco+This+year%2C+the+80%26%238217%3Bs+theme+was+chosen+for+the...\">&#xe604;<\/a> <a target=\"_blank\" href=\"http:\/\/www.stumbleupon.com\/submit?url=https%3A%2F%2Fevenement.eklabul.com%2Fen%2Fportfolios%2Fgrimaldi-forum-evening%2F&amp;title=Grimaldi+Forum+Party\">&#xe606;<\/a> <\/div> <div class=\"overlay\"> <a href=\"https:\/\/evenement.eklabul.com\/en\/portfolios\/grimaldi-forum-evening\/\" target=\"_self\" class=\"portolio-item-link self-link \"><\/a> <div class=\"links-wrapper\"> <div class=\"links\"> <a href=\"https:\/\/evenement.eklabul.com\/en\/portfolios\/grimaldi-forum-evening\/\" target=\"_self\" class=\"icon self-link \"><\/a> <div class=\"overlay-line\"><\/div> <\/div> <\/div> <\/div> <\/div> <div class=\"caption post-10175 scalia_pf_item type-scalia_pf_item status-publish has-post-thumbnail hentry\"> <div class=\"title\"> Grimaldi Forum Party <\/div> <\/div> <\/div> <\/div> <div class=\"portfolio-item corporate-events past-events private-parties col-lg-4 col-md-4 col-sm-6 col-xs-6 post-10174 scalia_pf_item type-scalia_pf_item status-publish has-post-thumbnail hentry\" > <div class=\"wrap clearfix\"> <div class=\"image post-10174 scalia_pf_item type-scalia_pf_item status-publish has-post-thumbnail hentry\"> <div class=\"image-inner\"> <img decoding=\"async\" src=\"https:\/\/evenement.eklabul.com\/wp-content\/uploads\/2017\/01\/Soir\u00e9e-Vinci-Pullman-04-Eklabul-Evenements--scalia-portfolio-masonry.jpg\" width=\"754\" height=\"566\" alt=\"Corporate party at the Pullman\" title=\"\"> <\/div> <span class=\"button\"><span class=\"button-corner\"><span><\/span><b><\/b><\/span><\/span> <div class=\"share\"> <a target=\"_blank\" href=\"https:\/\/www.facebook.com\/sharer\/sharer.php?u=https%3A%2F%2Fevenement.eklabul.com%2Fen%2Fportfolios%2Fcompany-evening-at-pullman%2F\">&#xe601;<\/a> <a target=\"_blank\" href=\"https:\/\/twitter.com\/intent\/tweet?text=Corporate+party+at+the+Pullman&amp;url=https%3A%2F%2Fevenement.eklabul.com%2Fen%2Fportfolios%2Fcompany-evening-at-pullman%2F\">&#xe603;<\/a> <a target=\"_blank\" href=\"https:\/\/plus.google.com\/share?url=https%3A%2F%2Fevenement.eklabul.com%2Fen%2Fportfolios%2Fcompany-evening-at-pullman%2F\">&#xe602;<\/a> <a target=\"_blank\" href=\"https:\/\/pinterest.com\/pin\/create\/button\/?url=https%3A%2F%2Fevenement.eklabul.com%2Fen%2Fportfolios%2Fcompany-evening-at-pullman%2F&media=https%3A%2F%2Fevenement.eklabul.com%2Fwp-content%2Fuploads%2F2017%2F01%2FSoir%C3%A9e-Vinci-Pullman-04-Eklabul-Evenements-.jpg&description=Corporate+party+at+the+Pullman\">&#xe605;<\/a> <a target=\"_blank\" href=\"https:\/\/www.linkedin.com\/shareArticle?mini=true&url=https%3A%2F%2Fevenement.eklabul.com%2Fen%2Fportfolios%2Fcompany-evening-at-pullman%2F&amp;title=Corporate+party+at+the+Pullman&amp;summary=%5Bvc_row+full_width%3D%26%238221%3B%26%238221%3B+parallax%3D%26%238221%3B%26%238221%3B+parallax_image%3D%26%238221%3B%26%238221%3B%5D%5Bvc_column+width%3D%26%238221%3B2%2F3%26%238243%3B%5D%5Bvc_column_text+css_animation%3D%26%238221%3Btop-to-bottom%26%238221%3B%5D+Year-end%C2%A0party+for%C2%A0Vinci+Vinci+called+on+Eklabul%26%238217%3Bs+services+to+make+their+staff+party+a+successful...\">&#xe604;<\/a> <a target=\"_blank\" href=\"http:\/\/www.stumbleupon.com\/submit?url=https%3A%2F%2Fevenement.eklabul.com%2Fen%2Fportfolios%2Fcompany-evening-at-pullman%2F&amp;title=Corporate+party+at+the+Pullman\">&#xe606;<\/a> <\/div> <div class=\"overlay\"> <a href=\"https:\/\/evenement.eklabul.com\/en\/portfolios\/company-evening-at-pullman\/\" target=\"_self\" class=\"portolio-item-link self-link \"><\/a> <div class=\"links-wrapper\"> <div class=\"links\"> <a href=\"https:\/\/evenement.eklabul.com\/en\/portfolios\/company-evening-at-pullman\/\" target=\"_self\" class=\"icon self-link \"><\/a> <div class=\"overlay-line\"><\/div> <\/div> <\/div> <\/div> <\/div> <div class=\"caption post-10174 scalia_pf_item type-scalia_pf_item status-publish has-post-thumbnail hentry\"> <div class=\"title\"> Corporate party at the Pullman <\/div> <\/div> <\/div> <\/div> <div class=\"portfolio-item corporate-events past-events public-events col-lg-4 col-md-4 col-sm-6 col-xs-6 post-10172 scalia_pf_item type-scalia_pf_item status-publish has-post-thumbnail hentry\" > <div class=\"wrap clearfix\"> <div class=\"image post-10172 scalia_pf_item type-scalia_pf_item status-publish has-post-thumbnail hentry\"> <div class=\"image-inner\"> <img decoding=\"async\" src=\"https:\/\/evenement.eklabul.com\/wp-content\/uploads\/2017\/05\/Soir\u00e9e-OGC-Nice-02-Eklabul-Evenements-scalia-portfolio-masonry.jpg\" width=\"754\" height=\"1004\" alt=\"OGC Nice party at Allianz Riviera\" title=\"\"> <\/div> <span class=\"button\"><span class=\"button-corner\"><span><\/span><b><\/b><\/span><\/span> <div class=\"share\"> <a target=\"_blank\" href=\"https:\/\/www.facebook.com\/sharer\/sharer.php?u=https%3A%2F%2Fevenement.eklabul.com%2Fen%2Fportfolios%2Fogc-nice-evening-at-allianz-riviera%2F\">&#xe601;<\/a> <a target=\"_blank\" href=\"https:\/\/twitter.com\/intent\/tweet?text=OGC+Nice+party+at+Allianz+Riviera&amp;url=https%3A%2F%2Fevenement.eklabul.com%2Fen%2Fportfolios%2Fogc-nice-evening-at-allianz-riviera%2F\">&#xe603;<\/a> <a target=\"_blank\" href=\"https:\/\/plus.google.com\/share?url=https%3A%2F%2Fevenement.eklabul.com%2Fen%2Fportfolios%2Fogc-nice-evening-at-allianz-riviera%2F\">&#xe602;<\/a> <a target=\"_blank\" href=\"https:\/\/pinterest.com\/pin\/create\/button\/?url=https%3A%2F%2Fevenement.eklabul.com%2Fen%2Fportfolios%2Fogc-nice-evening-at-allianz-riviera%2F&media=https%3A%2F%2Fevenement.eklabul.com%2Fwp-content%2Fuploads%2F2017%2F05%2FSoir%C3%A9e-OGC-Nice-02-Eklabul-Evenements.jpg&description=OGC+Nice+party+at+Allianz+Riviera\">&#xe605;<\/a> <a target=\"_blank\" href=\"https:\/\/www.linkedin.com\/shareArticle?mini=true&url=https%3A%2F%2Fevenement.eklabul.com%2Fen%2Fportfolios%2Fogc-nice-evening-at-allianz-riviera%2F&amp;title=OGC+Nice+party+at+Allianz+Riviera&amp;summary=%5Bvc_row+full_width%3D%26%238221%3B%26%238221%3B+parallax%3D%26%238221%3B%26%238221%3B+parallax_image%3D%26%238221%3B%26%238221%3B%5D%5Bvc_column+width%3D%26%238221%3B2%2F3%26%238243%3B%5D%5Bvc_column_text+css_animation%3D%26%238221%3Btop-to-bottom%26%238221%3B%5D+VIP+lounges+entertainment+On+Sunday+April+30%2C+2017+took+place+the%C2%A0game%C2%A0between+OGC+Nice+and...\">&#xe604;<\/a> <a target=\"_blank\" href=\"http:\/\/www.stumbleupon.com\/submit?url=https%3A%2F%2Fevenement.eklabul.com%2Fen%2Fportfolios%2Fogc-nice-evening-at-allianz-riviera%2F&amp;title=OGC+Nice+party+at+Allianz+Riviera\">&#xe606;<\/a> <\/div> <div class=\"overlay\"> <a href=\"https:\/\/evenement.eklabul.com\/en\/portfolios\/ogc-nice-evening-at-allianz-riviera\/\" target=\"_self\" class=\"portolio-item-link self-link \"><\/a> <div class=\"links-wrapper\"> <div class=\"links\"> <a href=\"https:\/\/evenement.eklabul.com\/en\/portfolios\/ogc-nice-evening-at-allianz-riviera\/\" target=\"_self\" class=\"icon self-link \"><\/a> <div class=\"overlay-line\"><\/div> <\/div> <\/div> <\/div> <\/div> <div class=\"caption post-10172 scalia_pf_item type-scalia_pf_item status-publish has-post-thumbnail hentry\"> <div class=\"title\"> OGC Nice party at Allianz Riviera <\/div> <\/div> <\/div> <\/div> <div class=\"portfolio-item atmo2sphere-en corporate-events past-events private-parties col-lg-4 col-md-4 col-sm-6 col-xs-6 post-10171 scalia_pf_item type-scalia_pf_item status-publish has-post-thumbnail hentry\" > <div class=\"wrap clearfix\"> <div class=\"image post-10171 scalia_pf_item type-scalia_pf_item status-publish has-post-thumbnail hentry\"> <div class=\"image-inner\"> <img decoding=\"async\" src=\"https:\/\/evenement.eklabul.com\/wp-content\/uploads\/2017\/06\/atmO\u00b2sphere-tissu-Bordeaux-03-Eklabul-Evenements-scalia-portfolio-masonry.jpg\" width=\"754\" height=\"566\" alt=\"McLaren Party at the Ch\u00e2teau Laffite\" title=\"\"> <\/div> <span class=\"button\"><span class=\"button-corner\"><span><\/span><b><\/b><\/span><\/span> <div class=\"share\"> <a target=\"_blank\" href=\"https:\/\/www.facebook.com\/sharer\/sharer.php?u=https%3A%2F%2Fevenement.eklabul.com%2Fen%2Fportfolios%2Fmclaren-party-at-chateau-laffite%2F\">&#xe601;<\/a> <a target=\"_blank\" href=\"https:\/\/twitter.com\/intent\/tweet?text=McLaren+Party+at+the+Ch%C3%A2teau+Laffite&amp;url=https%3A%2F%2Fevenement.eklabul.com%2Fen%2Fportfolios%2Fmclaren-party-at-chateau-laffite%2F\">&#xe603;<\/a> <a target=\"_blank\" href=\"https:\/\/plus.google.com\/share?url=https%3A%2F%2Fevenement.eklabul.com%2Fen%2Fportfolios%2Fmclaren-party-at-chateau-laffite%2F\">&#xe602;<\/a> <a target=\"_blank\" href=\"https:\/\/pinterest.com\/pin\/create\/button\/?url=https%3A%2F%2Fevenement.eklabul.com%2Fen%2Fportfolios%2Fmclaren-party-at-chateau-laffite%2F&media=https%3A%2F%2Fevenement.eklabul.com%2Fwp-content%2Fuploads%2F2017%2F06%2FatmO%C2%B2sphere-tissu-Bordeaux-03-Eklabul-Evenements.jpg&description=McLaren+Party+at+the+Ch%C3%A2teau+Laffite\">&#xe605;<\/a> <a target=\"_blank\" href=\"https:\/\/www.linkedin.com\/shareArticle?mini=true&url=https%3A%2F%2Fevenement.eklabul.com%2Fen%2Fportfolios%2Fmclaren-party-at-chateau-laffite%2F&amp;title=McLaren+Party+at+the+Ch%C3%A2teau+Laffite&amp;summary=%5Bvc_row+full_width%3D%26%238221%3B%26%238221%3B+parallax%3D%26%238221%3B%26%238221%3B+parallax_image%3D%26%238221%3B%26%238221%3B%5D%5Bvc_column+width%3D%26%238221%3B2%2F3%26%238243%3B%5D%5Bvc_column_text+css_animation%3D%26%238221%3Btop-to-bottom%26%238221%3B%5D+Many+artistic+performances+for+a+McLaren+gathering+in+Bordeaux+Last+June+1st%2C+a+dozen...\">&#xe604;<\/a> <a target=\"_blank\" href=\"http:\/\/www.stumbleupon.com\/submit?url=https%3A%2F%2Fevenement.eklabul.com%2Fen%2Fportfolios%2Fmclaren-party-at-chateau-laffite%2F&amp;title=McLaren+Party+at+the+Ch%C3%A2teau+Laffite\">&#xe606;<\/a> <\/div> <div class=\"overlay\"> <a href=\"https:\/\/evenement.eklabul.com\/en\/portfolios\/mclaren-party-at-chateau-laffite\/\" target=\"_self\" class=\"portolio-item-link self-link \"><\/a> <div class=\"links-wrapper\"> <div class=\"links\"> <a href=\"https:\/\/evenement.eklabul.com\/en\/portfolios\/mclaren-party-at-chateau-laffite\/\" target=\"_self\" class=\"icon self-link \"><\/a> <div class=\"overlay-line\"><\/div> <\/div> <\/div> <\/div> <\/div> <div class=\"caption post-10171 scalia_pf_item type-scalia_pf_item status-publish has-post-thumbnail hentry\"> <div class=\"title\"> McLaren Party at the Ch\u00e2teau Laffite <\/div> <\/div> <\/div> <\/div> <div class=\"portfolio-item corporate-events past-events private-parties col-lg-4 col-md-4 col-sm-6 col-xs-6 post-10170 scalia_pf_item type-scalia_pf_item status-publish has-post-thumbnail hentry\" > <div class=\"wrap clearfix\"> <div class=\"image post-10170 scalia_pf_item type-scalia_pf_item status-publish has-post-thumbnail hentry\"> <div class=\"image-inner\"> <img decoding=\"async\" src=\"https:\/\/evenement.eklabul.com\/wp-content\/uploads\/2017\/11\/Soir\u00e9e-Wisecom-Paris-01-Eklabul-Evenements-scalia-portfolio-masonry.jpg\" width=\"754\" height=\"1004\" alt=\"Corporate party in Paris\" title=\"\"> <\/div> <span class=\"button\"><span class=\"button-corner\"><span><\/span><b><\/b><\/span><\/span> <div class=\"share\"> <a target=\"_blank\" href=\"https:\/\/www.facebook.com\/sharer\/sharer.php?u=https%3A%2F%2Fevenement.eklabul.com%2Fen%2Fportfolios%2Fcompany-evening-in-paris%2F\">&#xe601;<\/a> <a target=\"_blank\" href=\"https:\/\/twitter.com\/intent\/tweet?text=Corporate+party+in+Paris&amp;url=https%3A%2F%2Fevenement.eklabul.com%2Fen%2Fportfolios%2Fcompany-evening-in-paris%2F\">&#xe603;<\/a> <a target=\"_blank\" href=\"https:\/\/plus.google.com\/share?url=https%3A%2F%2Fevenement.eklabul.com%2Fen%2Fportfolios%2Fcompany-evening-in-paris%2F\">&#xe602;<\/a> <a target=\"_blank\" href=\"https:\/\/pinterest.com\/pin\/create\/button\/?url=https%3A%2F%2Fevenement.eklabul.com%2Fen%2Fportfolios%2Fcompany-evening-in-paris%2F&media=https%3A%2F%2Fevenement.eklabul.com%2Fwp-content%2Fuploads%2F2017%2F11%2FSoir%C3%A9e-Wisecom-Paris-01-Eklabul-Evenements.jpg&description=Corporate+party+in+Paris\">&#xe605;<\/a> <a target=\"_blank\" href=\"https:\/\/www.linkedin.com\/shareArticle?mini=true&url=https%3A%2F%2Fevenement.eklabul.com%2Fen%2Fportfolios%2Fcompany-evening-in-paris%2F&amp;title=Corporate+party+in+Paris&amp;summary=%5Bvc_row+full_width%3D%26%238221%3B%26%238221%3B+parallax%3D%26%238221%3B%26%238221%3B+parallax_image%3D%26%238221%3B%26%238221%3B%5D%5Bvc_column+width%3D%26%238221%3B2%2F3%26%238243%3B%5D%5Bvc_column_text+css_animation%3D%26%238221%3Btop-to-bottom%26%238221%3B%5D+A+circus+themed+party+This+time%2C+it+is+in+the+heart+of+Paris+that%C2%A0Eklabul%26%238217%3Bs%C2%A0artists...\">&#xe604;<\/a> <a target=\"_blank\" href=\"http:\/\/www.stumbleupon.com\/submit?url=https%3A%2F%2Fevenement.eklabul.com%2Fen%2Fportfolios%2Fcompany-evening-in-paris%2F&amp;title=Corporate+party+in+Paris\">&#xe606;<\/a> <\/div> <div class=\"overlay\"> <a href=\"https:\/\/evenement.eklabul.com\/en\/portfolios\/company-evening-in-paris\/\" target=\"_self\" class=\"portolio-item-link self-link \"><\/a> <div class=\"links-wrapper\"> <div class=\"links\"> <a href=\"https:\/\/evenement.eklabul.com\/en\/portfolios\/company-evening-in-paris\/\" target=\"_self\" class=\"icon self-link \"><\/a> <div class=\"overlay-line\"><\/div> <\/div> <\/div> <\/div> <\/div> <div class=\"caption post-10170 scalia_pf_item type-scalia_pf_item status-publish has-post-thumbnail hentry\"> <div class=\"title\"> Corporate party in Paris <\/div> <\/div> <\/div> <\/div> <div class=\"portfolio-item corporate-events past-events private-parties col-lg-4 col-md-4 col-sm-6 col-xs-6 post-10169 scalia_pf_item type-scalia_pf_item status-publish has-post-thumbnail hentry\" > <div class=\"wrap clearfix\"> <div class=\"image post-10169 scalia_pf_item type-scalia_pf_item status-publish has-post-thumbnail hentry\"> <div class=\"image-inner\"> <img decoding=\"async\" src=\"https:\/\/evenement.eklabul.com\/wp-content\/uploads\/2017\/11\/Soir\u00e9e-mus\u00e9e-oc\u00e9anographique-22-Eklabul-Evenements-scalia-portfolio-masonry.jpg\" width=\"754\" height=\"566\" alt=\"Party of the Sea at the Oceanographic Museum\" title=\"\"> <\/div> <span class=\"button\"><span class=\"button-corner\"><span><\/span><b><\/b><\/span><\/span> <div class=\"share\"> <a target=\"_blank\" href=\"https:\/\/www.facebook.com\/sharer\/sharer.php?u=https%3A%2F%2Fevenement.eklabul.com%2Fen%2Fportfolios%2Fevening-of-the-sea-at-the-oceanographic-museum%2F\">&#xe601;<\/a> <a target=\"_blank\" href=\"https:\/\/twitter.com\/intent\/tweet?text=Party+of+the+Sea+at+the+Oceanographic+Museum&amp;url=https%3A%2F%2Fevenement.eklabul.com%2Fen%2Fportfolios%2Fevening-of-the-sea-at-the-oceanographic-museum%2F\">&#xe603;<\/a> <a target=\"_blank\" href=\"https:\/\/plus.google.com\/share?url=https%3A%2F%2Fevenement.eklabul.com%2Fen%2Fportfolios%2Fevening-of-the-sea-at-the-oceanographic-museum%2F\">&#xe602;<\/a> <a target=\"_blank\" href=\"https:\/\/pinterest.com\/pin\/create\/button\/?url=https%3A%2F%2Fevenement.eklabul.com%2Fen%2Fportfolios%2Fevening-of-the-sea-at-the-oceanographic-museum%2F&media=https%3A%2F%2Fevenement.eklabul.com%2Fwp-content%2Fuploads%2F2017%2F11%2FSoir%C3%A9e-mus%C3%A9e-oc%C3%A9anographique-22-Eklabul-Evenements.jpg&description=Party+of+the+Sea+at+the+Oceanographic+Museum\">&#xe605;<\/a> <a target=\"_blank\" href=\"https:\/\/www.linkedin.com\/shareArticle?mini=true&url=https%3A%2F%2Fevenement.eklabul.com%2Fen%2Fportfolios%2Fevening-of-the-sea-at-the-oceanographic-museum%2F&amp;title=Party+of+the+Sea+at+the+Oceanographic+Museum&amp;summary=%5Bvc_row+full_width%3D%26%238221%3B%26%238221%3B+parallax%3D%26%238221%3B%26%238221%3B+parallax_image%3D%26%238221%3B%26%238221%3B%5D%5Bvc_column+width%3D%26%238221%3B2%2F3%26%238243%3B%5D%5Bvc_column_text+css_animation%3D%26%238221%3Btop-to-bottom%26%238221%3B%5D+A+corporate+party%C2%A0for+600+employees+More+than+600+guests+were+expected+at+the+Oceanographic...\">&#xe604;<\/a> <a target=\"_blank\" href=\"http:\/\/www.stumbleupon.com\/submit?url=https%3A%2F%2Fevenement.eklabul.com%2Fen%2Fportfolios%2Fevening-of-the-sea-at-the-oceanographic-museum%2F&amp;title=Party+of+the+Sea+at+the+Oceanographic+Museum\">&#xe606;<\/a> <\/div> <div class=\"overlay\"> <a href=\"https:\/\/evenement.eklabul.com\/en\/portfolios\/evening-of-the-sea-at-the-oceanographic-museum\/\" target=\"_self\" class=\"portolio-item-link self-link \"><\/a> <div class=\"links-wrapper\"> <div class=\"links\"> <a href=\"https:\/\/evenement.eklabul.com\/en\/portfolios\/evening-of-the-sea-at-the-oceanographic-museum\/\" target=\"_self\" class=\"icon self-link \"><\/a> <div class=\"overlay-line\"><\/div> <\/div> <\/div> <\/div> <\/div> <div class=\"caption post-10169 scalia_pf_item type-scalia_pf_item status-publish has-post-thumbnail hentry\"> <div class=\"title\"> Party of the Sea at the Oceanographic Museum <\/div> <\/div> <\/div> <\/div> <div class=\"portfolio-item corporate-events past-events private-parties col-lg-4 col-md-4 col-sm-6 col-xs-6 post-10168 scalia_pf_item type-scalia_pf_item status-publish has-post-thumbnail hentry\" > <div class=\"wrap clearfix\"> <div class=\"image post-10168 scalia_pf_item type-scalia_pf_item status-publish has-post-thumbnail hentry\"> <div class=\"image-inner\"> <img decoding=\"async\" src=\"https:\/\/evenement.eklabul.com\/wp-content\/uploads\/2018\/01\/Inauguration-a\u00e9roport-Marseille-13-Eklabul-Evenements-scalia-portfolio-masonry.jpg\" width=\"754\" height=\"566\" alt=\"Inauguration of Marseille Coeur d&#8217;a\u00e9roport project\" title=\"\"> <\/div> <span class=\"button\"><span class=\"button-corner\"><span><\/span><b><\/b><\/span><\/span> <div class=\"share\"> <a target=\"_blank\" href=\"https:\/\/www.facebook.com\/sharer\/sharer.php?u=https%3A%2F%2Fevenement.eklabul.com%2Fen%2Fportfolios%2Finauguration-coeur-aeroport-marseille-project%2F\">&#xe601;<\/a> <a target=\"_blank\" href=\"https:\/\/twitter.com\/intent\/tweet?text=Inauguration+of+Marseille+Coeur+d%26%238217%3Ba%C3%A9roport+project&amp;url=https%3A%2F%2Fevenement.eklabul.com%2Fen%2Fportfolios%2Finauguration-coeur-aeroport-marseille-project%2F\">&#xe603;<\/a> <a target=\"_blank\" href=\"https:\/\/plus.google.com\/share?url=https%3A%2F%2Fevenement.eklabul.com%2Fen%2Fportfolios%2Finauguration-coeur-aeroport-marseille-project%2F\">&#xe602;<\/a> <a target=\"_blank\" href=\"https:\/\/pinterest.com\/pin\/create\/button\/?url=https%3A%2F%2Fevenement.eklabul.com%2Fen%2Fportfolios%2Finauguration-coeur-aeroport-marseille-project%2F&media=https%3A%2F%2Fevenement.eklabul.com%2Fwp-content%2Fuploads%2F2018%2F01%2FInauguration-a%C3%A9roport-Marseille-13-Eklabul-Evenements.jpg&description=Inauguration+of+Marseille+Coeur+d%26%238217%3Ba%C3%A9roport+project\">&#xe605;<\/a> <a target=\"_blank\" href=\"https:\/\/www.linkedin.com\/shareArticle?mini=true&url=https%3A%2F%2Fevenement.eklabul.com%2Fen%2Fportfolios%2Finauguration-coeur-aeroport-marseille-project%2F&amp;title=Inauguration+of+Marseille+Coeur+d%26%238217%3Ba%C3%A9roport+project&amp;summary=%5Bvc_row+full_width%3D%26%238221%3B%26%238221%3B+parallax%3D%26%238221%3B%26%238221%3B+parallax_image%3D%26%238221%3B%26%238221%3B%5D%5Bvc_column+width%3D%26%238221%3B2%2F3%26%238243%3B%5D%5Bvc_column_text+css_animation%3D%26%238221%3Btop-to-bottom%26%238221%3B%5D+A+new+project+unveiled+for+Marseille%26%238217%3Bs+airport+Marseille+Coeur+d%26%238217%3Ba%C3%A9roport+project+was+unveiled+at...\">&#xe604;<\/a> <a target=\"_blank\" href=\"http:\/\/www.stumbleupon.com\/submit?url=https%3A%2F%2Fevenement.eklabul.com%2Fen%2Fportfolios%2Finauguration-coeur-aeroport-marseille-project%2F&amp;title=Inauguration+of+Marseille+Coeur+d%26%238217%3Ba%C3%A9roport+project\">&#xe606;<\/a> <\/div> <div class=\"overlay\"> <a href=\"https:\/\/evenement.eklabul.com\/en\/portfolios\/inauguration-coeur-aeroport-marseille-project\/\" target=\"_self\" class=\"portolio-item-link self-link \"><\/a> <div class=\"links-wrapper\"> <div class=\"links\"> <a href=\"https:\/\/evenement.eklabul.com\/en\/portfolios\/inauguration-coeur-aeroport-marseille-project\/\" target=\"_self\" class=\"icon self-link \"><\/a> <div class=\"overlay-line\"><\/div> <\/div> <\/div> <\/div> <\/div> <div class=\"caption post-10168 scalia_pf_item type-scalia_pf_item status-publish has-post-thumbnail hentry\"> <div class=\"title\"> Inauguration of Marseille Coeur d&#8217;a\u00e9roport project <\/div> <\/div> <\/div> <\/div> <div class=\"portfolio-item corporate-events past-events private-parties col-lg-4 col-md-4 col-sm-6 col-xs-6 post-10166 scalia_pf_item type-scalia_pf_item status-publish has-post-thumbnail hentry\" > <div class=\"wrap clearfix\"> <div class=\"image post-10166 scalia_pf_item type-scalia_pf_item status-publish has-post-thumbnail hentry\"> <div class=\"image-inner\"> <img decoding=\"async\" src=\"https:\/\/evenement.eklabul.com\/wp-content\/uploads\/2018\/01\/Soir\u00e9e-Athos-Juan-09-Eklabul-Evenements-scalia-portfolio-masonry.jpg\" width=\"754\" height=\"503\" alt=\"Medical Convention at the Congress Centre of Juan les Pins\" title=\"\"> <\/div> <span class=\"button\"><span class=\"button-corner\"><span><\/span><b><\/b><\/span><\/span> <div class=\"share\"> <a target=\"_blank\" href=\"https:\/\/www.facebook.com\/sharer\/sharer.php?u=https%3A%2F%2Fevenement.eklabul.com%2Fen%2Fportfolios%2Fmedical-convention-at-the-juan-les-pins-convention-centre%2F\">&#xe601;<\/a> <a target=\"_blank\" href=\"https:\/\/twitter.com\/intent\/tweet?text=Medical+Convention+at+the+Congress+Centre+of+Juan+les+Pins&amp;url=https%3A%2F%2Fevenement.eklabul.com%2Fen%2Fportfolios%2Fmedical-convention-at-the-juan-les-pins-convention-centre%2F\">&#xe603;<\/a> <a target=\"_blank\" href=\"https:\/\/plus.google.com\/share?url=https%3A%2F%2Fevenement.eklabul.com%2Fen%2Fportfolios%2Fmedical-convention-at-the-juan-les-pins-convention-centre%2F\">&#xe602;<\/a> <a target=\"_blank\" href=\"https:\/\/pinterest.com\/pin\/create\/button\/?url=https%3A%2F%2Fevenement.eklabul.com%2Fen%2Fportfolios%2Fmedical-convention-at-the-juan-les-pins-convention-centre%2F&media=https%3A%2F%2Fevenement.eklabul.com%2Fwp-content%2Fuploads%2F2018%2F01%2FSoir%C3%A9e-Athos-Juan-09-Eklabul-Evenements.jpg&description=Medical+Convention+at+the+Congress+Centre+of+Juan+les+Pins\">&#xe605;<\/a> <a target=\"_blank\" href=\"https:\/\/www.linkedin.com\/shareArticle?mini=true&url=https%3A%2F%2Fevenement.eklabul.com%2Fen%2Fportfolios%2Fmedical-convention-at-the-juan-les-pins-convention-centre%2F&amp;title=Medical+Convention+at+the+Congress+Centre+of+Juan+les+Pins&amp;summary=%5Bvc_row+full_width%3D%26%238221%3B%26%238221%3B+parallax%3D%26%238221%3B%26%238221%3B+parallax_image%3D%26%238221%3B%26%238221%3B%5D%5Bvc_column+width%3D%26%238221%3B2%2F3%26%238243%3B%5D%5Bvc_column_text+css_animation%3D%26%238221%3Btop-to-bottom%26%238221%3B%5D+A+gala%C2%A0reception+for+a+medical+research+association+A+medical+research+association+called+on+Eklabul...\">&#xe604;<\/a> <a target=\"_blank\" href=\"http:\/\/www.stumbleupon.com\/submit?url=https%3A%2F%2Fevenement.eklabul.com%2Fen%2Fportfolios%2Fmedical-convention-at-the-juan-les-pins-convention-centre%2F&amp;title=Medical+Convention+at+the+Congress+Centre+of+Juan+les+Pins\">&#xe606;<\/a> <\/div> <div class=\"overlay\"> <a href=\"https:\/\/evenement.eklabul.com\/en\/portfolios\/medical-convention-at-the-juan-les-pins-convention-centre\/\" target=\"_self\" class=\"portolio-item-link self-link \"><\/a> <div class=\"links-wrapper\"> <div class=\"links\"> <a href=\"https:\/\/evenement.eklabul.com\/en\/portfolios\/medical-convention-at-the-juan-les-pins-convention-centre\/\" target=\"_self\" class=\"icon self-link \"><\/a> <div class=\"overlay-line\"><\/div> <\/div> <\/div> <\/div> <\/div> <div class=\"caption post-10166 scalia_pf_item type-scalia_pf_item status-publish has-post-thumbnail hentry\"> <div class=\"title\"> Medical Convention at the Congress Centre of Juan les Pins <\/div> <\/div> <\/div> <\/div> <div class=\"portfolio-item circus-workshops corporate-events past-events col-lg-4 col-md-4 col-sm-6 col-xs-6 post-10165 scalia_pf_item type-scalia_pf_item status-publish has-post-thumbnail hentry\" > <div class=\"wrap clearfix\"> <div class=\"image post-10165 scalia_pf_item type-scalia_pf_item status-publish has-post-thumbnail hentry\"> <div class=\"image-inner\"> <img decoding=\"async\" src=\"https:\/\/evenement.eklabul.com\/wp-content\/uploads\/2018\/01\/Team-Building-cirque-11-Eklabul-Evenements-scalia-portfolio-masonry.jpg\" width=\"754\" height=\"503\" alt=\"Circus Team Building at Eklabul\" title=\"\"> <\/div> <span class=\"button\"><span class=\"button-corner\"><span><\/span><b><\/b><\/span><\/span> <div class=\"share\"> <a target=\"_blank\" href=\"https:\/\/www.facebook.com\/sharer\/sharer.php?u=https%3A%2F%2Fevenement.eklabul.com%2Fen%2Fportfolios%2Fcircus-team-building-eklabul%2F\">&#xe601;<\/a> <a target=\"_blank\" href=\"https:\/\/twitter.com\/intent\/tweet?text=Circus+Team+Building+at+Eklabul&amp;url=https%3A%2F%2Fevenement.eklabul.com%2Fen%2Fportfolios%2Fcircus-team-building-eklabul%2F\">&#xe603;<\/a> <a target=\"_blank\" href=\"https:\/\/plus.google.com\/share?url=https%3A%2F%2Fevenement.eklabul.com%2Fen%2Fportfolios%2Fcircus-team-building-eklabul%2F\">&#xe602;<\/a> <a target=\"_blank\" href=\"https:\/\/pinterest.com\/pin\/create\/button\/?url=https%3A%2F%2Fevenement.eklabul.com%2Fen%2Fportfolios%2Fcircus-team-building-eklabul%2F&media=https%3A%2F%2Fevenement.eklabul.com%2Fwp-content%2Fuploads%2F2018%2F01%2FTeam-Building-cirque-11-Eklabul-Evenements.jpg&description=Circus+Team+Building+at+Eklabul\">&#xe605;<\/a> <a target=\"_blank\" href=\"https:\/\/www.linkedin.com\/shareArticle?mini=true&url=https%3A%2F%2Fevenement.eklabul.com%2Fen%2Fportfolios%2Fcircus-team-building-eklabul%2F&amp;title=Circus+Team+Building+at+Eklabul&amp;summary=%5Bvc_row+full_width%3D%26%238221%3B%26%238221%3B+parallax%3D%26%238221%3B%26%238221%3B+parallax_image%3D%26%238221%3B%26%238221%3B%5D%5Bvc_column+width%3D%26%238221%3B2%2F3%26%238243%3B%5D%5Bvc_column_text+css_animation%3D%26%238221%3Btop-to-bottom%26%238221%3B%5D+Circus+in+the+spotlight+for+this+corporate+event%3A+In+order+to+start+2018+on...\">&#xe604;<\/a> <a target=\"_blank\" href=\"http:\/\/www.stumbleupon.com\/submit?url=https%3A%2F%2Fevenement.eklabul.com%2Fen%2Fportfolios%2Fcircus-team-building-eklabul%2F&amp;title=Circus+Team+Building+at+Eklabul\">&#xe606;<\/a> <\/div> <div class=\"overlay\"> <a href=\"https:\/\/evenement.eklabul.com\/en\/portfolios\/circus-team-building-eklabul\/\" target=\"_self\" class=\"portolio-item-link self-link \"><\/a> <div class=\"links-wrapper\"> <div class=\"links\"> <a href=\"https:\/\/evenement.eklabul.com\/en\/portfolios\/circus-team-building-eklabul\/\" target=\"_self\" class=\"icon self-link \"><\/a> <div class=\"overlay-line\"><\/div> <\/div> <\/div> <\/div> <\/div> <div class=\"caption post-10165 scalia_pf_item type-scalia_pf_item status-publish has-post-thumbnail hentry\"> <div class=\"title\"> Circus Team Building at Eklabul <\/div> <\/div> <\/div> <\/div> <div class=\"portfolio-item corporate-events past-events private-parties col-lg-4 col-md-4 col-sm-6 col-xs-6 post-10729 scalia_pf_item type-scalia_pf_item status-publish has-post-thumbnail hentry\" > <div class=\"wrap clearfix\"> <div class=\"image post-10729 scalia_pf_item type-scalia_pf_item status-publish has-post-thumbnail hentry\"> <div class=\"image-inner\"> <img decoding=\"async\" src=\"https:\/\/evenement.eklabul.com\/wp-content\/uploads\/2016\/10\/Highline-Chateau-la-Napoule-17-Eklabul-Evenements--scalia-portfolio-masonry.jpg\" width=\"754\" height=\"566\" alt=\"Aerial night at the Ch\u00e2teau de la Napoule\" title=\"\"> <\/div> <span class=\"button\"><span class=\"button-corner\"><span><\/span><b><\/b><\/span><\/span> <div class=\"share\"> <a target=\"_blank\" href=\"https:\/\/www.facebook.com\/sharer\/sharer.php?u=https%3A%2F%2Fevenement.eklabul.com%2Fen%2Fportfolios%2Faerial-night-at-the-chateau-de-la-napoule%2F\">&#xe601;<\/a> <a target=\"_blank\" href=\"https:\/\/twitter.com\/intent\/tweet?text=Aerial+night+at+the+Ch%C3%A2teau+de+la+Napoule&amp;url=https%3A%2F%2Fevenement.eklabul.com%2Fen%2Fportfolios%2Faerial-night-at-the-chateau-de-la-napoule%2F\">&#xe603;<\/a> <a target=\"_blank\" href=\"https:\/\/plus.google.com\/share?url=https%3A%2F%2Fevenement.eklabul.com%2Fen%2Fportfolios%2Faerial-night-at-the-chateau-de-la-napoule%2F\">&#xe602;<\/a> <a target=\"_blank\" href=\"https:\/\/pinterest.com\/pin\/create\/button\/?url=https%3A%2F%2Fevenement.eklabul.com%2Fen%2Fportfolios%2Faerial-night-at-the-chateau-de-la-napoule%2F&media=https%3A%2F%2Fevenement.eklabul.com%2Fwp-content%2Fuploads%2F2016%2F10%2FHighline-Chateau-la-Napoule-17-Eklabul-Evenements-.jpg&description=Aerial+night+at+the+Ch%C3%A2teau+de+la+Napoule\">&#xe605;<\/a> <a target=\"_blank\" href=\"https:\/\/www.linkedin.com\/shareArticle?mini=true&url=https%3A%2F%2Fevenement.eklabul.com%2Fen%2Fportfolios%2Faerial-night-at-the-chateau-de-la-napoule%2F&amp;title=Aerial+night+at+the+Ch%C3%A2teau+de+la+Napoule&amp;summary=%5Bvc_row+full_width%3D%26%238221%3B%26%238221%3B+parallax%3D%26%238221%3B%26%238221%3B+parallax_image%3D%26%238221%3B%26%238221%3B%5D%5Bvc_column+width%3D%26%238221%3B2%2F3%26%238243%3B%5D%5Bvc_column_text+css_animation%3D%26%238221%3Btop-to-bottom%26%238221%3B%5D+Aerial+acrobats+for+a+corporate+event+On+the+occasion+of+a+seminar+on+the...\">&#xe604;<\/a> <a target=\"_blank\" href=\"http:\/\/www.stumbleupon.com\/submit?url=https%3A%2F%2Fevenement.eklabul.com%2Fen%2Fportfolios%2Faerial-night-at-the-chateau-de-la-napoule%2F&amp;title=Aerial+night+at+the+Ch%C3%A2teau+de+la+Napoule\">&#xe606;<\/a> <\/div> <div class=\"overlay\"> <a href=\"https:\/\/evenement.eklabul.com\/en\/portfolios\/aerial-night-at-the-chateau-de-la-napoule\/\" target=\"_self\" class=\"portolio-item-link self-link \"><\/a> <div class=\"links-wrapper\"> <div class=\"links\"> <a href=\"https:\/\/evenement.eklabul.com\/en\/portfolios\/aerial-night-at-the-chateau-de-la-napoule\/\" target=\"_self\" class=\"icon self-link \"><\/a> <div class=\"overlay-line\"><\/div> <\/div> <\/div> <\/div> <\/div> <div class=\"caption post-10729 scalia_pf_item type-scalia_pf_item status-publish has-post-thumbnail hentry\"> <div class=\"title\"> Aerial night at the Ch\u00e2teau de la Napoule <\/div> <\/div> <\/div> <\/div> <div class=\"portfolio-item corporate-events past-events private-parties col-lg-4 col-md-4 col-sm-6 col-xs-6 post-10731 scalia_pf_item type-scalia_pf_item status-publish has-post-thumbnail hentry\" > <div class=\"wrap clearfix\"> <div class=\"image post-10731 scalia_pf_item type-scalia_pf_item status-publish has-post-thumbnail hentry\"> <div class=\"image-inner\"> <img decoding=\"async\" src=\"https:\/\/evenement.eklabul.com\/wp-content\/uploads\/2016\/09\/SACA-Villefranche-Eklabul-Evenements-01--scalia-portfolio-masonry.jpg\" width=\"754\" height=\"503\" alt=\"Gala Reception in Villefranche\" title=\"\"> <\/div> <span class=\"button\"><span class=\"button-corner\"><span><\/span><b><\/b><\/span><\/span> <div class=\"share\"> <a target=\"_blank\" href=\"https:\/\/www.facebook.com\/sharer\/sharer.php?u=https%3A%2F%2Fevenement.eklabul.com%2Fen%2Fportfolios%2Fgala-reception-in-villefranche%2F\">&#xe601;<\/a> <a target=\"_blank\" href=\"https:\/\/twitter.com\/intent\/tweet?text=Gala+Reception+in+Villefranche&amp;url=https%3A%2F%2Fevenement.eklabul.com%2Fen%2Fportfolios%2Fgala-reception-in-villefranche%2F\">&#xe603;<\/a> <a target=\"_blank\" href=\"https:\/\/plus.google.com\/share?url=https%3A%2F%2Fevenement.eklabul.com%2Fen%2Fportfolios%2Fgala-reception-in-villefranche%2F\">&#xe602;<\/a> <a target=\"_blank\" href=\"https:\/\/pinterest.com\/pin\/create\/button\/?url=https%3A%2F%2Fevenement.eklabul.com%2Fen%2Fportfolios%2Fgala-reception-in-villefranche%2F&media=https%3A%2F%2Fevenement.eklabul.com%2Fwp-content%2Fuploads%2F2016%2F09%2FSACA-Villefranche-Eklabul-Evenements-01-.jpg&description=Gala+Reception+in+Villefranche\">&#xe605;<\/a> <a target=\"_blank\" href=\"https:\/\/www.linkedin.com\/shareArticle?mini=true&url=https%3A%2F%2Fevenement.eklabul.com%2Fen%2Fportfolios%2Fgala-reception-in-villefranche%2F&amp;title=Gala+Reception+in+Villefranche&amp;summary=%5Bvc_row+full_width%3D%26%238221%3B%26%238221%3B+parallax%3D%26%238221%3B%26%238221%3B+parallax_image%3D%26%238221%3B%26%238221%3B%5D%5Bvc_column+width%3D%26%238221%3B2%2F3%26%238243%3B%5D%5Bvc_column_text+css_animation%3D%26%238221%3Btop-to-bottom%26%238221%3B%5D+Architects+Gala+Reception+The+2016+Architects+Gala+Reception+took+place+in+Villefranche%E2%80%99s+Citadel%2C+gathering...\">&#xe604;<\/a> <a target=\"_blank\" href=\"http:\/\/www.stumbleupon.com\/submit?url=https%3A%2F%2Fevenement.eklabul.com%2Fen%2Fportfolios%2Fgala-reception-in-villefranche%2F&amp;title=Gala+Reception+in+Villefranche\">&#xe606;<\/a> <\/div> <div class=\"overlay\"> <a href=\"https:\/\/evenement.eklabul.com\/en\/portfolios\/gala-reception-in-villefranche\/\" target=\"_self\" class=\"portolio-item-link self-link \"><\/a> <div class=\"links-wrapper\"> <div class=\"links\"> <a href=\"https:\/\/evenement.eklabul.com\/en\/portfolios\/gala-reception-in-villefranche\/\" target=\"_self\" class=\"icon self-link \"><\/a> <div class=\"overlay-line\"><\/div> <\/div> <\/div> <\/div> <\/div> <div class=\"caption post-10731 scalia_pf_item type-scalia_pf_item status-publish has-post-thumbnail hentry\"> <div class=\"title\"> Gala Reception in Villefranche <\/div> <\/div> <\/div> <\/div> <div class=\"portfolio-item corporate-events past-events col-lg-4 col-md-4 col-sm-6 col-xs-6 post-10737 scalia_pf_item type-scalia_pf_item status-publish has-post-thumbnail hentry\" > <div class=\"wrap clearfix\"> <div class=\"image post-10737 scalia_pf_item type-scalia_pf_item status-publish has-post-thumbnail hentry\"> <div class=\"image-inner\"> <img decoding=\"async\" src=\"https:\/\/evenement.eklabul.com\/wp-content\/uploads\/2016\/09\/Eze-M\u00e9di\u00e9val-Eklabul-Evenements-07--scalia-portfolio-masonry.jpg\" width=\"754\" height=\"1133\" alt=\"Medieval corporate event in Eze\" title=\"\"> <\/div> <span class=\"button\"><span class=\"button-corner\"><span><\/span><b><\/b><\/span><\/span> <div class=\"share\"> <a target=\"_blank\" href=\"https:\/\/www.facebook.com\/sharer\/sharer.php?u=https%3A%2F%2Fevenement.eklabul.com%2Fen%2Fportfolios%2Fmedieval-corporate-event-in-eze%2F\">&#xe601;<\/a> <a target=\"_blank\" href=\"https:\/\/twitter.com\/intent\/tweet?text=Medieval+corporate+event+in+Eze&amp;url=https%3A%2F%2Fevenement.eklabul.com%2Fen%2Fportfolios%2Fmedieval-corporate-event-in-eze%2F\">&#xe603;<\/a> <a target=\"_blank\" href=\"https:\/\/plus.google.com\/share?url=https%3A%2F%2Fevenement.eklabul.com%2Fen%2Fportfolios%2Fmedieval-corporate-event-in-eze%2F\">&#xe602;<\/a> <a target=\"_blank\" href=\"https:\/\/pinterest.com\/pin\/create\/button\/?url=https%3A%2F%2Fevenement.eklabul.com%2Fen%2Fportfolios%2Fmedieval-corporate-event-in-eze%2F&media=https%3A%2F%2Fevenement.eklabul.com%2Fwp-content%2Fuploads%2F2016%2F09%2FEze-M%C3%A9di%C3%A9val-Eklabul-Evenements-07-.jpg&description=Medieval+corporate+event+in+Eze\">&#xe605;<\/a> <a target=\"_blank\" href=\"https:\/\/www.linkedin.com\/shareArticle?mini=true&url=https%3A%2F%2Fevenement.eklabul.com%2Fen%2Fportfolios%2Fmedieval-corporate-event-in-eze%2F&amp;title=Medieval+corporate+event+in+Eze&amp;summary=%5Bvc_row+full_width%3D%26%238221%3B%26%238221%3B+parallax%3D%26%238221%3B%26%238221%3B+parallax_image%3D%26%238221%3B%26%238221%3B%5D%5Bvc_column+width%3D%26%238221%3B1%2F1%26%238243%3B%5D%5B%2Fvc_column%5D%5B%2Fvc_row%5D%5Bvc_row+full_width%3D%26%238221%3B%26%238221%3B+parallax%3D%26%238221%3B%26%238221%3B+parallax_image%3D%26%238221%3B%26%238221%3B%5D%5Bvc_column+width%3D%26%238221%3B1%2F1%26%238243%3B%5D%5Bvc_column_text%5D+OUR+EVENTS+Eklabul%26%238217%3Bs+most+beautiful+events.+%5B%2Fvc_column_text%5D%5B%2Fvc_column%5D%5B%2Fvc_row%5D%5Bvc_row+full_width%3D%26%238221%3B%26%238221%3B+parallax%3D%26%238221%3B%26%238221%3B+parallax_image%3D%26%238221%3B%26%238221%3B%5D%5Bvc_column+width%3D%26%238221%3B1%2F1%26%238243%3B%5D%5B%2Fvc_column%5D%5B%2Fvc_row%5D\">&#xe604;<\/a> <a target=\"_blank\" href=\"http:\/\/www.stumbleupon.com\/submit?url=https%3A%2F%2Fevenement.eklabul.com%2Fen%2Fportfolios%2Fmedieval-corporate-event-in-eze%2F&amp;title=Medieval+corporate+event+in+Eze\">&#xe606;<\/a> <\/div> <div class=\"overlay\"> <a href=\"https:\/\/evenement.eklabul.com\/en\/portfolios\/medieval-corporate-event-in-eze\/\" target=\"_self\" class=\"portolio-item-link self-link \"><\/a> <div class=\"links-wrapper\"> <div class=\"links\"> <a href=\"https:\/\/evenement.eklabul.com\/en\/portfolios\/medieval-corporate-event-in-eze\/\" target=\"_self\" class=\"icon self-link \"><\/a> <div class=\"overlay-line\"><\/div> <\/div> <\/div> <\/div> <\/div> <div class=\"caption post-10737 scalia_pf_item type-scalia_pf_item status-publish has-post-thumbnail hentry\"> <div class=\"title\"> Medieval corporate event in Eze <\/div> <\/div> <\/div> <\/div> <div class=\"portfolio-item corporate-events past-events col-lg-4 col-md-4 col-sm-6 col-xs-6 post-10938 scalia_pf_item type-scalia_pf_item status-publish has-post-thumbnail hentry\" > <div class=\"wrap clearfix\"> <div class=\"image post-10938 scalia_pf_item type-scalia_pf_item status-publish has-post-thumbnail hentry\"> <div class=\"image-inner\"> <img decoding=\"async\" src=\"https:\/\/evenement.eklabul.com\/wp-content\/uploads\/2016\/09\/Port\u00e9s-SPACE-Eklabul-Evenements-scalia-portfolio-masonry.jpg\" width=\"754\" height=\"409\" alt=\"30th edition of the SPACE exhibition\" title=\"\"> <\/div> <span class=\"button\"><span class=\"button-corner\"><span><\/span><b><\/b><\/span><\/span> <div class=\"share\"> <a target=\"_blank\" href=\"https:\/\/www.facebook.com\/sharer\/sharer.php?u=https%3A%2F%2Fevenement.eklabul.com%2Fen%2Fportfolios%2F30th-edition-of-the-space-exhibition%2F\">&#xe601;<\/a> <a target=\"_blank\" href=\"https:\/\/twitter.com\/intent\/tweet?text=30th+edition+of+the+SPACE+exhibition&amp;url=https%3A%2F%2Fevenement.eklabul.com%2Fen%2Fportfolios%2F30th-edition-of-the-space-exhibition%2F\">&#xe603;<\/a> <a target=\"_blank\" href=\"https:\/\/plus.google.com\/share?url=https%3A%2F%2Fevenement.eklabul.com%2Fen%2Fportfolios%2F30th-edition-of-the-space-exhibition%2F\">&#xe602;<\/a> <a target=\"_blank\" href=\"https:\/\/pinterest.com\/pin\/create\/button\/?url=https%3A%2F%2Fevenement.eklabul.com%2Fen%2Fportfolios%2F30th-edition-of-the-space-exhibition%2F&media=https%3A%2F%2Fevenement.eklabul.com%2Fwp-content%2Fuploads%2F2016%2F09%2FPort%C3%A9s-SPACE-Eklabul-Evenements.jpg&description=30th+edition+of+the+SPACE+exhibition\">&#xe605;<\/a> <a target=\"_blank\" href=\"https:\/\/www.linkedin.com\/shareArticle?mini=true&url=https%3A%2F%2Fevenement.eklabul.com%2Fen%2Fportfolios%2F30th-edition-of-the-space-exhibition%2F&amp;title=30th+edition+of+the+SPACE+exhibition&amp;summary=%5Bvc_row+full_width%3D%26%238221%3B%26%238221%3B+parallax%3D%26%238221%3B%26%238221%3B+parallax_image%3D%26%238221%3B%26%238221%3B%5D%5Bvc_column+width%3D%26%238221%3B1%2F1%26%238243%3B%5D%5Bvc_raw_html%5DJTNDaWZyYW1lJTIwd2lkdGglM0QlMjIxMDAlMjUlMjIlMjBoZWlnaHQlM0QlMjI1NjAlMjIlMjBzcmMlM0QlMjJodHRwcyUzQSUyRiUyRnd3dy55b3V0dWJlLmNvbSUyRmVtYmVkJTJGS2RtRk1jNDBNbUElMjIlMjBmcmFtZWJvcmRlciUzRCUyMjAlMjIlMjBhbGxvd2Z1bGxzY3JlZW4lM0UlM0MlMkZpZnJhbWUlM0U%3D%5B%2Fvc_raw_html%5D%5Bvc_raw_html%5DJTNDaWZyYW1lJTIwd2lkdGglM0QlMjIxMDAlMjUlMjIlMjBoZWlnaHQlM0QlMjI1NjAlMjIlMjBzcmMlM0QlMjJodHRwcyUzQSUyRiUyRnd3dy55b3V0dWJlLmNvbSUyRmVtYmVkJTJGLUx2MGtvNkhKUkElMjIlMjBmcmFtZWJvcmRlciUzRCUyMjAlMjIlMjBhbGxvd2Z1bGxzY3JlZW4lM0UlM0MlMkZpZnJhbWUlM0U%3D%5B%2Fvc_raw_html%5D%5B%2Fvc_column%5D%5B%2Fvc_row%5D%5Bvc_row+full_width%3D%26%238221%3B%26%238221%3B+parallax%3D%26%238221%3B%26%238221%3B+parallax_image%3D%26%238221%3B%26%238221%3B%5D%5Bvc_column+width%3D%26%238221%3B1%2F1%26%238243%3B%5D%5Bvc_column_text%5D+OUR+EVENTS+Eklabul%26%238217%3Bs+most+beautiful+events.+%5B%2Fvc_column_text%5D%5B%2Fvc_column%5D%5B%2Fvc_row%5D%5Bvc_row+full_width%3D%26%238221%3B%26%238221%3B+parallax%3D%26%238221%3B%26%238221%3B+parallax_image%3D%26%238221%3B%26%238221%3B%5D%5Bvc_column+width%3D%26%238221%3B1%2F1%26%238243%3B%5D%5B%2Fvc_column%5D%5B%2Fvc_row%5D\">&#xe604;<\/a> <a target=\"_blank\" href=\"http:\/\/www.stumbleupon.com\/submit?url=https%3A%2F%2Fevenement.eklabul.com%2Fen%2Fportfolios%2F30th-edition-of-the-space-exhibition%2F&amp;title=30th+edition+of+the+SPACE+exhibition\">&#xe606;<\/a> <\/div> <div class=\"overlay\"> <a href=\"https:\/\/evenement.eklabul.com\/en\/portfolios\/30th-edition-of-the-space-exhibition\/\" target=\"_self\" class=\"portolio-item-link self-link \"><\/a> <div class=\"links-wrapper\"> <div class=\"links\"> <a href=\"https:\/\/evenement.eklabul.com\/en\/portfolios\/30th-edition-of-the-space-exhibition\/\" target=\"_self\" class=\"icon self-link \"><\/a> <div class=\"overlay-line\"><\/div> <\/div> <\/div> <\/div> <\/div> <div class=\"caption post-10938 scalia_pf_item type-scalia_pf_item status-publish has-post-thumbnail hentry\"> <div class=\"title\"> 30th edition of the SPACE exhibition <\/div> <\/div> <\/div> <\/div> <div class=\"portfolio-item corporate-events past-events private-parties col-lg-4 col-md-4 col-sm-6 col-xs-6 post-10733 scalia_pf_item type-scalia_pf_item status-publish has-post-thumbnail hentry\" > <div class=\"wrap clearfix\"> <div class=\"image post-10733 scalia_pf_item type-scalia_pf_item status-publish has-post-thumbnail hentry\"> <div class=\"image-inner\"> <img decoding=\"async\" src=\"https:\/\/evenement.eklabul.com\/wp-content\/uploads\/2016\/09\/Chateau-de-la-Begude-Eklabul-Evenements-08--scalia-portfolio-masonry.jpg\" width=\"754\" height=\"1131\" alt=\"Opio Valbonne Golf&#8217;s Anniversary Party\" title=\"\"> <\/div> <span class=\"button\"><span class=\"button-corner\"><span><\/span><b><\/b><\/span><\/span> <div class=\"share\"> <a target=\"_blank\" href=\"https:\/\/www.facebook.com\/sharer\/sharer.php?u=https%3A%2F%2Fevenement.eklabul.com%2Fen%2Fportfolios%2Fopio-valbonne-golfs-anniversary-party%2F\">&#xe601;<\/a> <a target=\"_blank\" href=\"https:\/\/twitter.com\/intent\/tweet?text=Opio+Valbonne+Golf%26%238217%3Bs+Anniversary+Party&amp;url=https%3A%2F%2Fevenement.eklabul.com%2Fen%2Fportfolios%2Fopio-valbonne-golfs-anniversary-party%2F\">&#xe603;<\/a> <a target=\"_blank\" href=\"https:\/\/plus.google.com\/share?url=https%3A%2F%2Fevenement.eklabul.com%2Fen%2Fportfolios%2Fopio-valbonne-golfs-anniversary-party%2F\">&#xe602;<\/a> <a target=\"_blank\" href=\"https:\/\/pinterest.com\/pin\/create\/button\/?url=https%3A%2F%2Fevenement.eklabul.com%2Fen%2Fportfolios%2Fopio-valbonne-golfs-anniversary-party%2F&media=https%3A%2F%2Fevenement.eklabul.com%2Fwp-content%2Fuploads%2F2016%2F09%2FChateau-de-la-Begude-Eklabul-Evenements-08-.jpg&description=Opio+Valbonne+Golf%26%238217%3Bs+Anniversary+Party\">&#xe605;<\/a> <a target=\"_blank\" href=\"https:\/\/www.linkedin.com\/shareArticle?mini=true&url=https%3A%2F%2Fevenement.eklabul.com%2Fen%2Fportfolios%2Fopio-valbonne-golfs-anniversary-party%2F&amp;title=Opio+Valbonne+Golf%26%238217%3Bs+Anniversary+Party&amp;summary=%5Bvc_row+full_width%3D%26%238221%3B%26%238221%3B+parallax%3D%26%238221%3B%26%238221%3B+parallax_image%3D%26%238221%3B%26%238221%3B%5D%5Bvc_column+width%3D%26%238221%3B2%2F3%26%238243%3B%5D%5Bvc_column_text+css_animation%3D%26%238221%3Btop-to-bottom%26%238221%3B%5D+The+Opio+Valbonne+Golf+celebrates+its%C2%A050th+anniversary+This+September%2C+the+Opio+Valbonne+Golf+has...\">&#xe604;<\/a> <a target=\"_blank\" href=\"http:\/\/www.stumbleupon.com\/submit?url=https%3A%2F%2Fevenement.eklabul.com%2Fen%2Fportfolios%2Fopio-valbonne-golfs-anniversary-party%2F&amp;title=Opio+Valbonne+Golf%26%238217%3Bs+Anniversary+Party\">&#xe606;<\/a> <\/div> <div class=\"overlay\"> <a href=\"https:\/\/evenement.eklabul.com\/en\/portfolios\/opio-valbonne-golfs-anniversary-party\/\" target=\"_self\" class=\"portolio-item-link self-link \"><\/a> <div class=\"links-wrapper\"> <div class=\"links\"> <a href=\"https:\/\/evenement.eklabul.com\/en\/portfolios\/opio-valbonne-golfs-anniversary-party\/\" target=\"_self\" class=\"icon self-link \"><\/a> <div class=\"overlay-line\"><\/div> <\/div> <\/div> <\/div> <\/div> <div class=\"caption post-10733 scalia_pf_item type-scalia_pf_item status-publish has-post-thumbnail hentry\"> <div class=\"title\"> Opio Valbonne Golf&#8217;s Anniversary Party <\/div> <\/div> <\/div> <\/div> <div class=\"portfolio-item corporate-events past-events private-parties col-lg-4 col-md-4 col-sm-6 col-xs-6 post-10740 scalia_pf_item type-scalia_pf_item status-publish has-post-thumbnail hentry\" > <div class=\"wrap clearfix\"> <div class=\"image post-10740 scalia_pf_item type-scalia_pf_item status-publish has-post-thumbnail hentry\"> <div class=\"image-inner\"> <img decoding=\"async\" src=\"https:\/\/evenement.eklabul.com\/wp-content\/uploads\/2016\/07\/Soir\u00e9e-fluo-Carros-03-Eklabul-Evenements-scalia-portfolio-masonry.jpg\" width=\"754\" height=\"566\" alt=\"Glow Party in Carros\" title=\"\"> <\/div> <span class=\"button\"><span class=\"button-corner\"><span><\/span><b><\/b><\/span><\/span> <div class=\"share\"> <a target=\"_blank\" href=\"https:\/\/www.facebook.com\/sharer\/sharer.php?u=https%3A%2F%2Fevenement.eklabul.com%2Fen%2Fportfolios%2Fglow-party-in-carros%2F\">&#xe601;<\/a> <a target=\"_blank\" href=\"https:\/\/twitter.com\/intent\/tweet?text=Glow+Party+in+Carros&amp;url=https%3A%2F%2Fevenement.eklabul.com%2Fen%2Fportfolios%2Fglow-party-in-carros%2F\">&#xe603;<\/a> <a target=\"_blank\" href=\"https:\/\/plus.google.com\/share?url=https%3A%2F%2Fevenement.eklabul.com%2Fen%2Fportfolios%2Fglow-party-in-carros%2F\">&#xe602;<\/a> <a target=\"_blank\" href=\"https:\/\/pinterest.com\/pin\/create\/button\/?url=https%3A%2F%2Fevenement.eklabul.com%2Fen%2Fportfolios%2Fglow-party-in-carros%2F&media=https%3A%2F%2Fevenement.eklabul.com%2Fwp-content%2Fuploads%2F2016%2F07%2FSoir%C3%A9e-fluo-Carros-03-Eklabul-Evenements.jpg&description=Glow+Party+in+Carros\">&#xe605;<\/a> <a target=\"_blank\" href=\"https:\/\/www.linkedin.com\/shareArticle?mini=true&url=https%3A%2F%2Fevenement.eklabul.com%2Fen%2Fportfolios%2Fglow-party-in-carros%2F&amp;title=Glow+Party+in+Carros&amp;summary=%5Bvc_row+full_width%3D%26%238221%3B%26%238221%3B+parallax%3D%26%238221%3B%26%238221%3B+parallax_image%3D%26%238221%3B%26%238221%3B%5D%5Bvc_column+width%3D%26%238221%3B1%2F1%26%238243%3B%5D%5B%2Fvc_column%5D%5B%2Fvc_row%5D%5Bvc_row+full_width%3D%26%238221%3B%26%238221%3B+parallax%3D%26%238221%3B%26%238221%3B+parallax_image%3D%26%238221%3B%26%238221%3B%5D%5Bvc_column+width%3D%26%238221%3B1%2F1%26%238243%3B%5D%5Bvc_column_text%5D+OUR+EVENTS+Eklabul%26%238217%3Bs+most+beautiful+events.+%5B%2Fvc_column_text%5D%5B%2Fvc_column%5D%5B%2Fvc_row%5D%5Bvc_row+full_width%3D%26%238221%3B%26%238221%3B+parallax%3D%26%238221%3B%26%238221%3B+parallax_image%3D%26%238221%3B%26%238221%3B%5D%5Bvc_column+width%3D%26%238221%3B1%2F1%26%238243%3B%5D%5B%2Fvc_column%5D%5B%2Fvc_row%5D\">&#xe604;<\/a> <a target=\"_blank\" href=\"http:\/\/www.stumbleupon.com\/submit?url=https%3A%2F%2Fevenement.eklabul.com%2Fen%2Fportfolios%2Fglow-party-in-carros%2F&amp;title=Glow+Party+in+Carros\">&#xe606;<\/a> <\/div> <div class=\"overlay\"> <a href=\"https:\/\/evenement.eklabul.com\/en\/portfolios\/glow-party-in-carros\/\" target=\"_self\" class=\"portolio-item-link self-link \"><\/a> <div class=\"links-wrapper\"> <div class=\"links\"> <a href=\"https:\/\/evenement.eklabul.com\/en\/portfolios\/glow-party-in-carros\/\" target=\"_self\" class=\"icon self-link \"><\/a> <div class=\"overlay-line\"><\/div> <\/div> <\/div> <\/div> <\/div> <div class=\"caption post-10740 scalia_pf_item type-scalia_pf_item status-publish has-post-thumbnail hentry\"> <div class=\"title\"> Glow Party in Carros <\/div> <\/div> <\/div> <\/div> <div class=\"portfolio-item corporate-events past-events private-parties col-lg-4 col-md-4 col-sm-6 col-xs-6 post-10741 scalia_pf_item type-scalia_pf_item status-publish has-post-thumbnail hentry\" > <div class=\"wrap clearfix\"> <div class=\"image post-10741 scalia_pf_item type-scalia_pf_item status-publish has-post-thumbnail hentry\"> <div class=\"image-inner\"> <img decoding=\"async\" src=\"https:\/\/evenement.eklabul.com\/wp-content\/uploads\/2016\/06\/Soir\u00e9e-entreprise-Vallauris-13-Eklabul-Evenements-scalia-portfolio-masonry.jpg\" width=\"754\" height=\"1130\" alt=\"CBL Company Anniversary in Vallauris\" title=\"\"> <\/div> <span class=\"button\"><span class=\"button-corner\"><span><\/span><b><\/b><\/span><\/span> <div class=\"share\"> <a target=\"_blank\" href=\"https:\/\/www.facebook.com\/sharer\/sharer.php?u=https%3A%2F%2Fevenement.eklabul.com%2Fen%2Fportfolios%2Fcbl-company-anniversary-in-vallauris%2F\">&#xe601;<\/a> <a target=\"_blank\" href=\"https:\/\/twitter.com\/intent\/tweet?text=CBL+Company+Anniversary+in+Vallauris&amp;url=https%3A%2F%2Fevenement.eklabul.com%2Fen%2Fportfolios%2Fcbl-company-anniversary-in-vallauris%2F\">&#xe603;<\/a> <a target=\"_blank\" href=\"https:\/\/plus.google.com\/share?url=https%3A%2F%2Fevenement.eklabul.com%2Fen%2Fportfolios%2Fcbl-company-anniversary-in-vallauris%2F\">&#xe602;<\/a> <a target=\"_blank\" href=\"https:\/\/pinterest.com\/pin\/create\/button\/?url=https%3A%2F%2Fevenement.eklabul.com%2Fen%2Fportfolios%2Fcbl-company-anniversary-in-vallauris%2F&media=https%3A%2F%2Fevenement.eklabul.com%2Fwp-content%2Fuploads%2F2016%2F06%2FSoir%C3%A9e-entreprise-Vallauris-13-Eklabul-Evenements.jpg&description=CBL+Company+Anniversary+in+Vallauris\">&#xe605;<\/a> <a target=\"_blank\" href=\"https:\/\/www.linkedin.com\/shareArticle?mini=true&url=https%3A%2F%2Fevenement.eklabul.com%2Fen%2Fportfolios%2Fcbl-company-anniversary-in-vallauris%2F&amp;title=CBL+Company+Anniversary+in+Vallauris&amp;summary=%5Bvc_row+full_width%3D%26%238221%3B%26%238221%3B+parallax%3D%26%238221%3B%26%238221%3B+parallax_image%3D%26%238221%3B%26%238221%3B%5D%5Bvc_column+width%3D%26%238221%3B1%2F1%26%238243%3B%5D%5B%2Fvc_column%5D%5B%2Fvc_row%5D%5Bvc_row+full_width%3D%26%238221%3B%26%238221%3B+parallax%3D%26%238221%3B%26%238221%3B+parallax_image%3D%26%238221%3B%26%238221%3B%5D%5Bvc_column+width%3D%26%238221%3B1%2F1%26%238243%3B%5D%5Bvc_column_text%5D+OUR+EVENTS+Eklabul%26%238217%3Bs+most+beautiful+events.+%5B%2Fvc_column_text%5D%5B%2Fvc_column%5D%5B%2Fvc_row%5D%5Bvc_row+full_width%3D%26%238221%3B%26%238221%3B+parallax%3D%26%238221%3B%26%238221%3B+parallax_image%3D%26%238221%3B%26%238221%3B%5D%5Bvc_column+width%3D%26%238221%3B1%2F1%26%238243%3B%5D%5B%2Fvc_column%5D%5B%2Fvc_row%5D\">&#xe604;<\/a> <a target=\"_blank\" href=\"http:\/\/www.stumbleupon.com\/submit?url=https%3A%2F%2Fevenement.eklabul.com%2Fen%2Fportfolios%2Fcbl-company-anniversary-in-vallauris%2F&amp;title=CBL+Company+Anniversary+in+Vallauris\">&#xe606;<\/a> <\/div> <div class=\"overlay\"> <a href=\"https:\/\/evenement.eklabul.com\/en\/portfolios\/cbl-company-anniversary-in-vallauris\/\" target=\"_self\" class=\"portolio-item-link self-link \"><\/a> <div class=\"links-wrapper\"> <div class=\"links\"> <a href=\"https:\/\/evenement.eklabul.com\/en\/portfolios\/cbl-company-anniversary-in-vallauris\/\" target=\"_self\" class=\"icon self-link \"><\/a> <div class=\"overlay-line\"><\/div> <\/div> <\/div> <\/div> <\/div> <div class=\"caption post-10741 scalia_pf_item type-scalia_pf_item status-publish has-post-thumbnail hentry\"> <div class=\"title\"> CBL Company Anniversary in Vallauris <\/div> <\/div> <\/div> <\/div> <div class=\"portfolio-item corporate-events past-events col-lg-4 col-md-4 col-sm-6 col-xs-6 post-10742 scalia_pf_item type-scalia_pf_item status-publish has-post-thumbnail hentry\" > <div class=\"wrap clearfix\"> <div class=\"image post-10742 scalia_pf_item type-scalia_pf_item status-publish has-post-thumbnail hentry\"> <div class=\"image-inner\"> <img decoding=\"async\" src=\"https:\/\/evenement.eklabul.com\/wp-content\/uploads\/2016\/05\/Soiree-de-la-mer-Marseille-Eklabul-Evenements-00001-scalia-portfolio-masonry.jpg\" width=\"754\" height=\"503\" alt=\"Party of the Sea in Marseille\" title=\"\"> <\/div> <span class=\"button\"><span class=\"button-corner\"><span><\/span><b><\/b><\/span><\/span> <div class=\"share\"> <a target=\"_blank\" href=\"https:\/\/www.facebook.com\/sharer\/sharer.php?u=https%3A%2F%2Fevenement.eklabul.com%2Fen%2Fportfolios%2Fparty-of-the-sea-in-marseille%2F\">&#xe601;<\/a> <a target=\"_blank\" href=\"https:\/\/twitter.com\/intent\/tweet?text=Party+of+the+Sea+in+Marseille&amp;url=https%3A%2F%2Fevenement.eklabul.com%2Fen%2Fportfolios%2Fparty-of-the-sea-in-marseille%2F\">&#xe603;<\/a> <a target=\"_blank\" href=\"https:\/\/plus.google.com\/share?url=https%3A%2F%2Fevenement.eklabul.com%2Fen%2Fportfolios%2Fparty-of-the-sea-in-marseille%2F\">&#xe602;<\/a> <a target=\"_blank\" href=\"https:\/\/pinterest.com\/pin\/create\/button\/?url=https%3A%2F%2Fevenement.eklabul.com%2Fen%2Fportfolios%2Fparty-of-the-sea-in-marseille%2F&media=https%3A%2F%2Fevenement.eklabul.com%2Fwp-content%2Fuploads%2F2016%2F05%2FSoiree-de-la-mer-Marseille-Eklabul-Evenements-00001.jpg&description=Party+of+the+Sea+in+Marseille\">&#xe605;<\/a> <a target=\"_blank\" href=\"https:\/\/www.linkedin.com\/shareArticle?mini=true&url=https%3A%2F%2Fevenement.eklabul.com%2Fen%2Fportfolios%2Fparty-of-the-sea-in-marseille%2F&amp;title=Party+of+the+Sea+in+Marseille&amp;summary=%5Bvc_row+full_width%3D%26%238221%3B%26%238221%3B+parallax%3D%26%238221%3B%26%238221%3B+parallax_image%3D%26%238221%3B%26%238221%3B%5D%5Bvc_column+width%3D%26%238221%3B1%2F1%26%238243%3B%5D%5B%2Fvc_column%5D%5B%2Fvc_row%5D%5Bvc_row+full_width%3D%26%238221%3B%26%238221%3B+parallax%3D%26%238221%3B%26%238221%3B+parallax_image%3D%26%238221%3B%26%238221%3B%5D%5Bvc_column+width%3D%26%238221%3B1%2F1%26%238243%3B%5D%5Bvc_column_text%5D+OUR+EVENTS+Eklabul%26%238217%3Bs+most+beautiful+events.+%5B%2Fvc_column_text%5D%5B%2Fvc_column%5D%5B%2Fvc_row%5D%5Bvc_row+full_width%3D%26%238221%3B%26%238221%3B+parallax%3D%26%238221%3B%26%238221%3B+parallax_image%3D%26%238221%3B%26%238221%3B%5D%5Bvc_column+width%3D%26%238221%3B1%2F1%26%238243%3B%5D%5B%2Fvc_column%5D%5B%2Fvc_row%5D\">&#xe604;<\/a> <a target=\"_blank\" href=\"http:\/\/www.stumbleupon.com\/submit?url=https%3A%2F%2Fevenement.eklabul.com%2Fen%2Fportfolios%2Fparty-of-the-sea-in-marseille%2F&amp;title=Party+of+the+Sea+in+Marseille\">&#xe606;<\/a> <\/div> <div class=\"overlay\"> <a href=\"https:\/\/evenement.eklabul.com\/en\/portfolios\/party-of-the-sea-in-marseille\/\" target=\"_self\" class=\"portolio-item-link self-link \"><\/a> <div class=\"links-wrapper\"> <div class=\"links\"> <a href=\"https:\/\/evenement.eklabul.com\/en\/portfolios\/party-of-the-sea-in-marseille\/\" target=\"_self\" class=\"icon self-link \"><\/a> <div class=\"overlay-line\"><\/div> <\/div> <\/div> <\/div> <\/div> <div class=\"caption post-10742 scalia_pf_item type-scalia_pf_item status-publish has-post-thumbnail hentry\"> <div class=\"title\"> Party of the Sea in Marseille <\/div> <\/div> <\/div> <\/div> <div class=\"portfolio-item corporate-events past-events private-parties public-events col-lg-4 col-md-4 col-sm-6 col-xs-6 post-10743 scalia_pf_item type-scalia_pf_item status-publish has-post-thumbnail hentry\" > <div class=\"wrap clearfix\"> <div class=\"image post-10743 scalia_pf_item type-scalia_pf_item status-publish has-post-thumbnail hentry\"> <div class=\"image-inner\"> <img decoding=\"async\" src=\"https:\/\/evenement.eklabul.com\/wp-content\/uploads\/2016\/02\/animation-soiree-theme-cirque-cannes-04-scalia-portfolio-masonry.jpg\" width=\"754\" height=\"1131\" alt=\"Hotel 3.14 &#8211; 2015 Cannes Film Festival\" title=\"\"> <\/div> <span class=\"button\"><span class=\"button-corner\"><span><\/span><b><\/b><\/span><\/span> <div class=\"share\"> <a target=\"_blank\" href=\"https:\/\/www.facebook.com\/sharer\/sharer.php?u=https%3A%2F%2Fevenement.eklabul.com%2Fen%2Fportfolios%2Fhotel-3-14-2015-cannes-film-festival%2F\">&#xe601;<\/a> <a target=\"_blank\" href=\"https:\/\/twitter.com\/intent\/tweet?text=Hotel+3.14+%26%238211%3B+2015+Cannes+Film+Festival&amp;url=https%3A%2F%2Fevenement.eklabul.com%2Fen%2Fportfolios%2Fhotel-3-14-2015-cannes-film-festival%2F\">&#xe603;<\/a> <a target=\"_blank\" href=\"https:\/\/plus.google.com\/share?url=https%3A%2F%2Fevenement.eklabul.com%2Fen%2Fportfolios%2Fhotel-3-14-2015-cannes-film-festival%2F\">&#xe602;<\/a> <a target=\"_blank\" href=\"https:\/\/pinterest.com\/pin\/create\/button\/?url=https%3A%2F%2Fevenement.eklabul.com%2Fen%2Fportfolios%2Fhotel-3-14-2015-cannes-film-festival%2F&media=https%3A%2F%2Fevenement.eklabul.com%2Fwp-content%2Fuploads%2F2016%2F02%2Fanimation-soiree-theme-cirque-cannes-04.jpg&description=Hotel+3.14+%26%238211%3B+2015+Cannes+Film+Festival\">&#xe605;<\/a> <a target=\"_blank\" href=\"https:\/\/www.linkedin.com\/shareArticle?mini=true&url=https%3A%2F%2Fevenement.eklabul.com%2Fen%2Fportfolios%2Fhotel-3-14-2015-cannes-film-festival%2F&amp;title=Hotel+3.14+%26%238211%3B+2015+Cannes+Film+Festival&amp;summary=%5Bvc_row+full_width%3D%26%238221%3B%26%238221%3B+parallax%3D%26%238221%3B%26%238221%3B+parallax_image%3D%26%238221%3B%26%238221%3B+el_id%3D%26%238221%3B%26%238221%3B%5D%5Bvc_column+width%3D%26%238221%3B1%2F1%26%238243%3B%5D%5B%2Fvc_column%5D%5B%2Fvc_row%5D%5Bvc_row+full_width%3D%26%238221%3B%26%238221%3B+parallax%3D%26%238221%3B%26%238221%3B+parallax_image%3D%26%238221%3B%26%238221%3B%5D%5Bvc_column+width%3D%26%238221%3B1%2F1%26%238243%3B%5D%5Bvc_column_text%5D+OUR+EVENTS+Eklabul%26%238217%3Bs+most+beautiful+events.+%5B%2Fvc_column_text%5D%5B%2Fvc_column%5D%5B%2Fvc_row%5D%5Bvc_row+full_width%3D%26%238221%3B%26%238221%3B+parallax%3D%26%238221%3B%26%238221%3B+parallax_image%3D%26%238221%3B%26%238221%3B%5D%5Bvc_column...\">&#xe604;<\/a> <a target=\"_blank\" href=\"http:\/\/www.stumbleupon.com\/submit?url=https%3A%2F%2Fevenement.eklabul.com%2Fen%2Fportfolios%2Fhotel-3-14-2015-cannes-film-festival%2F&amp;title=Hotel+3.14+%26%238211%3B+2015+Cannes+Film+Festival\">&#xe606;<\/a> <\/div> <div class=\"overlay\"> <a href=\"https:\/\/evenement.eklabul.com\/en\/portfolios\/hotel-3-14-2015-cannes-film-festival\/\" target=\"_self\" class=\"portolio-item-link self-link \"><\/a> <div class=\"links-wrapper\"> <div class=\"links\"> <a href=\"https:\/\/evenement.eklabul.com\/en\/portfolios\/hotel-3-14-2015-cannes-film-festival\/\" target=\"_self\" class=\"icon self-link \"><\/a> <div class=\"overlay-line\"><\/div> <\/div> <\/div> <\/div> <\/div> <div class=\"caption post-10743 scalia_pf_item type-scalia_pf_item status-publish has-post-thumbnail hentry\"> <div class=\"title\"> Hotel 3.14 &#8211; 2015 Cannes Film Festival <\/div> <\/div> <\/div> <\/div> <div class=\"portfolio-item corporate-events past-events private-parties public-events col-lg-4 col-md-4 col-sm-6 col-xs-6 post-10868 scalia_pf_item type-scalia_pf_item status-publish has-post-thumbnail hentry\" > <div class=\"wrap clearfix\"> <div class=\"image post-10868 scalia_pf_item type-scalia_pf_item status-publish has-post-thumbnail hentry\"> <div class=\"image-inner\"> <img decoding=\"async\" src=\"https:\/\/evenement.eklabul.com\/wp-content\/uploads\/2016\/02\/Open-Air-Casino-Lounge-Night-C-MonteCarlo-SBM-PDucap-17-scalia-portfolio-masonry.jpg\" width=\"754\" height=\"503\" alt=\"Monaco&#8217;s Open-air Casino\" title=\"\"> <\/div> <span class=\"button\"><span class=\"button-corner\"><span><\/span><b><\/b><\/span><\/span> <div class=\"share\"> <a target=\"_blank\" href=\"https:\/\/www.facebook.com\/sharer\/sharer.php?u=https%3A%2F%2Fevenement.eklabul.com%2Fen%2Fportfolios%2Fmonacos-open-air-casino%2F\">&#xe601;<\/a> <a target=\"_blank\" href=\"https:\/\/twitter.com\/intent\/tweet?text=Monaco%26%238217%3Bs+Open-air+Casino&amp;url=https%3A%2F%2Fevenement.eklabul.com%2Fen%2Fportfolios%2Fmonacos-open-air-casino%2F\">&#xe603;<\/a> <a target=\"_blank\" href=\"https:\/\/plus.google.com\/share?url=https%3A%2F%2Fevenement.eklabul.com%2Fen%2Fportfolios%2Fmonacos-open-air-casino%2F\">&#xe602;<\/a> <a target=\"_blank\" href=\"https:\/\/pinterest.com\/pin\/create\/button\/?url=https%3A%2F%2Fevenement.eklabul.com%2Fen%2Fportfolios%2Fmonacos-open-air-casino%2F&media=https%3A%2F%2Fevenement.eklabul.com%2Fwp-content%2Fuploads%2F2016%2F02%2FOpen-Air-Casino-Lounge-Night-C-MonteCarlo-SBM-PDucap-17.jpg&description=Monaco%26%238217%3Bs+Open-air+Casino\">&#xe605;<\/a> <a target=\"_blank\" href=\"https:\/\/www.linkedin.com\/shareArticle?mini=true&url=https%3A%2F%2Fevenement.eklabul.com%2Fen%2Fportfolios%2Fmonacos-open-air-casino%2F&amp;title=Monaco%26%238217%3Bs+Open-air+Casino&amp;summary=%5Bvc_row+full_width%3D%26%238221%3B%26%238221%3B+parallax%3D%26%238221%3B%26%238221%3B+parallax_image%3D%26%238221%3B%26%238221%3B%5D%5Bvc_column+width%3D%26%238221%3B2%2F3%26%238243%3B%5D%5Bvc_column_text+css_animation%3D%26%238221%3Btop-to-bottom%26%238221%3B%5D+Strolling+artists%C2%A0in+Monaco+For+the+launch+of+its+2015+summer+%E2%80%9COpen-air+Casino%E2%80%9D%2C+Monte-Carlo%E2%80%99s+Casino...\">&#xe604;<\/a> <a target=\"_blank\" href=\"http:\/\/www.stumbleupon.com\/submit?url=https%3A%2F%2Fevenement.eklabul.com%2Fen%2Fportfolios%2Fmonacos-open-air-casino%2F&amp;title=Monaco%26%238217%3Bs+Open-air+Casino\">&#xe606;<\/a> <\/div> <div class=\"overlay\"> <a href=\"https:\/\/evenement.eklabul.com\/en\/portfolios\/monacos-open-air-casino\/\" target=\"_self\" class=\"portolio-item-link self-link \"><\/a> <div class=\"links-wrapper\"> <div class=\"links\"> <a href=\"https:\/\/evenement.eklabul.com\/en\/portfolios\/monacos-open-air-casino\/\" target=\"_self\" class=\"icon self-link \"><\/a> <div class=\"overlay-line\"><\/div> <\/div> <\/div> <\/div> <\/div> <div class=\"caption post-10868 scalia_pf_item type-scalia_pf_item status-publish has-post-thumbnail hentry\"> <div class=\"title\"> Monaco&#8217;s Open-air Casino <\/div> <\/div> <\/div> <\/div> <div class=\"portfolio-item corporate-events past-events col-lg-4 col-md-4 col-sm-6 col-xs-6 post-10746 scalia_pf_item type-scalia_pf_item status-publish has-post-thumbnail hentry\" > <div class=\"wrap clearfix\"> <div class=\"image post-10746 scalia_pf_item type-scalia_pf_item status-publish has-post-thumbnail hentry\"> <div class=\"image-inner\"> <img decoding=\"async\" src=\"https:\/\/evenement.eklabul.com\/wp-content\/uploads\/2016\/02\/lancement-produit-portes-gold-cannes-05-scalia-portfolio-masonry.jpg\" width=\"754\" height=\"952\" alt=\"Gold product launch\" title=\"\"> <\/div> <span class=\"button\"><span class=\"button-corner\"><span><\/span><b><\/b><\/span><\/span> <div class=\"share\"> <a target=\"_blank\" href=\"https:\/\/www.facebook.com\/sharer\/sharer.php?u=https%3A%2F%2Fevenement.eklabul.com%2Fen%2Fportfolios%2Fgold-product-launch%2F\">&#xe601;<\/a> <a target=\"_blank\" href=\"https:\/\/twitter.com\/intent\/tweet?text=Gold+product+launch&amp;url=https%3A%2F%2Fevenement.eklabul.com%2Fen%2Fportfolios%2Fgold-product-launch%2F\">&#xe603;<\/a> <a target=\"_blank\" href=\"https:\/\/plus.google.com\/share?url=https%3A%2F%2Fevenement.eklabul.com%2Fen%2Fportfolios%2Fgold-product-launch%2F\">&#xe602;<\/a> <a target=\"_blank\" href=\"https:\/\/pinterest.com\/pin\/create\/button\/?url=https%3A%2F%2Fevenement.eklabul.com%2Fen%2Fportfolios%2Fgold-product-launch%2F&media=https%3A%2F%2Fevenement.eklabul.com%2Fwp-content%2Fuploads%2F2016%2F02%2Flancement-produit-portes-gold-cannes-05.jpg&description=Gold+product+launch\">&#xe605;<\/a> <a target=\"_blank\" href=\"https:\/\/www.linkedin.com\/shareArticle?mini=true&url=https%3A%2F%2Fevenement.eklabul.com%2Fen%2Fportfolios%2Fgold-product-launch%2F&amp;title=Gold+product+launch&amp;summary=%5Bvc_row+full_width%3D%26%238221%3B%26%238221%3B+parallax%3D%26%238221%3B%26%238221%3B+parallax_image%3D%26%238221%3B%26%238221%3B%5D%5Bvc_column+width%3D%26%238221%3B1%2F1%26%238243%3B%5D%5B%2Fvc_column%5D%5B%2Fvc_row%5D%5Bvc_row+full_width%3D%26%238221%3B%26%238221%3B+parallax%3D%26%238221%3B%26%238221%3B+parallax_image%3D%26%238221%3B%26%238221%3B%5D%5Bvc_column+width%3D%26%238221%3B1%2F1%26%238243%3B%5D%5Bvc_column_text%5D+OUR+EVENTS+Eklabul%26%238217%3Bs+most+beautiful+events.+%5B%2Fvc_column_text%5D%5B%2Fvc_column%5D%5B%2Fvc_row%5D%5Bvc_row+full_width%3D%26%238221%3B%26%238221%3B+parallax%3D%26%238221%3B%26%238221%3B+parallax_image%3D%26%238221%3B%26%238221%3B%5D%5Bvc_column+width%3D%26%238221%3B1%2F1%26%238243%3B%5D%5B%2Fvc_column%5D%5B%2Fvc_row%5D\">&#xe604;<\/a> <a target=\"_blank\" href=\"http:\/\/www.stumbleupon.com\/submit?url=https%3A%2F%2Fevenement.eklabul.com%2Fen%2Fportfolios%2Fgold-product-launch%2F&amp;title=Gold+product+launch\">&#xe606;<\/a> <\/div> <div class=\"overlay\"> <a href=\"https:\/\/evenement.eklabul.com\/en\/portfolios\/gold-product-launch\/\" target=\"_self\" class=\"portolio-item-link self-link \"><\/a> <div class=\"links-wrapper\"> <div class=\"links\"> <a href=\"https:\/\/evenement.eklabul.com\/en\/portfolios\/gold-product-launch\/\" target=\"_self\" class=\"icon self-link \"><\/a> <div class=\"overlay-line\"><\/div> <\/div> <\/div> <\/div> <\/div> <div class=\"caption post-10746 scalia_pf_item type-scalia_pf_item status-publish has-post-thumbnail hentry\"> <div class=\"title\"> Gold product launch <\/div> <\/div> <\/div> <\/div> <div class=\"portfolio-item corporate-events past-events col-lg-4 col-md-4 col-sm-6 col-xs-6 post-10751 scalia_pf_item type-scalia_pf_item status-publish has-post-thumbnail hentry\" > <div class=\"wrap clearfix\"> <div class=\"image post-10751 scalia_pf_item type-scalia_pf_item status-publish has-post-thumbnail hentry\"> <div class=\"image-inner\"> <img decoding=\"async\" src=\"https:\/\/evenement.eklabul.com\/wp-content\/uploads\/2014\/06\/artistes-en-herbe-06-2013-16-scalia-portfolio-masonry.jpg\" width=\"754\" height=\"503\" alt=\"Magic Team Building \/ Family Day\" title=\"\"> <\/div> <span class=\"button\"><span class=\"button-corner\"><span><\/span><b><\/b><\/span><\/span> <div class=\"share\"> <a target=\"_blank\" href=\"https:\/\/www.facebook.com\/sharer\/sharer.php?u=https%3A%2F%2Fevenement.eklabul.com%2Fen%2Fportfolios%2Fmagic-team-building-family-day%2F\">&#xe601;<\/a> <a target=\"_blank\" href=\"https:\/\/twitter.com\/intent\/tweet?text=Magic+Team+Building+%2F+Family+Day&amp;url=https%3A%2F%2Fevenement.eklabul.com%2Fen%2Fportfolios%2Fmagic-team-building-family-day%2F\">&#xe603;<\/a> <a target=\"_blank\" href=\"https:\/\/plus.google.com\/share?url=https%3A%2F%2Fevenement.eklabul.com%2Fen%2Fportfolios%2Fmagic-team-building-family-day%2F\">&#xe602;<\/a> <a target=\"_blank\" href=\"https:\/\/pinterest.com\/pin\/create\/button\/?url=https%3A%2F%2Fevenement.eklabul.com%2Fen%2Fportfolios%2Fmagic-team-building-family-day%2F&media=https%3A%2F%2Fevenement.eklabul.com%2Fwp-content%2Fuploads%2F2014%2F06%2Fartistes-en-herbe-06-2013-16.jpg&description=Magic+Team+Building+%2F+Family+Day\">&#xe605;<\/a> <a target=\"_blank\" href=\"https:\/\/www.linkedin.com\/shareArticle?mini=true&url=https%3A%2F%2Fevenement.eklabul.com%2Fen%2Fportfolios%2Fmagic-team-building-family-day%2F&amp;title=Magic+Team+Building+%2F+Family+Day&amp;summary=%5Bvc_row+full_width%3D%26%238221%3B%26%238221%3B+parallax%3D%26%238221%3B%26%238221%3B+parallax_image%3D%26%238221%3B%26%238221%3B%5D%5Bvc_column+width%3D%26%238221%3B1%2F1%26%238243%3B%5D%5B%2Fvc_column%5D%5B%2Fvc_row%5D%5Bvc_row+full_width%3D%26%238221%3B%26%238221%3B+parallax%3D%26%238221%3B%26%238221%3B+parallax_image%3D%26%238221%3B%26%238221%3B%5D%5Bvc_column+width%3D%26%238221%3B1%2F1%26%238243%3B%5D%5Bvc_column_text%5D+OUR+EVENTS+Eklabul%26%238217%3Bs+most+beautiful+events.+%5B%2Fvc_column_text%5D%5B%2Fvc_column%5D%5B%2Fvc_row%5D%5Bvc_row+full_width%3D%26%238221%3B%26%238221%3B+parallax%3D%26%238221%3B%26%238221%3B+parallax_image%3D%26%238221%3B%26%238221%3B%5D%5Bvc_column+width%3D%26%238221%3B1%2F1%26%238243%3B%5D%5B%2Fvc_column%5D%5B%2Fvc_row%5D\">&#xe604;<\/a> <a target=\"_blank\" href=\"http:\/\/www.stumbleupon.com\/submit?url=https%3A%2F%2Fevenement.eklabul.com%2Fen%2Fportfolios%2Fmagic-team-building-family-day%2F&amp;title=Magic+Team+Building+%2F+Family+Day\">&#xe606;<\/a> <\/div> <div class=\"overlay\"> <a href=\"https:\/\/evenement.eklabul.com\/en\/portfolios\/magic-team-building-family-day\/\" target=\"_self\" class=\"portolio-item-link self-link \"><\/a> <div class=\"links-wrapper\"> <div class=\"links\"> <a href=\"https:\/\/evenement.eklabul.com\/en\/portfolios\/magic-team-building-family-day\/\" target=\"_self\" class=\"icon self-link \"><\/a> <div class=\"overlay-line\"><\/div> <\/div> <\/div> <\/div> <\/div> <div class=\"caption post-10751 scalia_pf_item type-scalia_pf_item status-publish has-post-thumbnail hentry\"> <div class=\"title\"> Magic Team Building \/ Family Day <\/div> <\/div> <\/div> <\/div> <div class=\"portfolio-item corporate-events past-events col-lg-4 col-md-4 col-sm-6 col-xs-6 post-10747 scalia_pf_item type-scalia_pf_item status-publish has-post-thumbnail hentry\" > <div class=\"wrap clearfix\"> <div class=\"image post-10747 scalia_pf_item type-scalia_pf_item status-publish has-post-thumbnail hentry\"> <div class=\"image-inner\"> <img decoding=\"async\" src=\"https:\/\/evenement.eklabul.com\/wp-content\/uploads\/2013\/10\/soiree-entreprise-monaco-05-2014-31-scalia-portfolio-masonry.jpg\" width=\"754\" height=\"503\" alt=\"Futuristic Seminar party in Monaco\" title=\"\"> <\/div> <span class=\"button\"><span class=\"button-corner\"><span><\/span><b><\/b><\/span><\/span> <div class=\"share\"> <a target=\"_blank\" href=\"https:\/\/www.facebook.com\/sharer\/sharer.php?u=https%3A%2F%2Fevenement.eklabul.com%2Fen%2Fportfolios%2Ffuturistic-seminar-party-in-monaco%2F\">&#xe601;<\/a> <a target=\"_blank\" href=\"https:\/\/twitter.com\/intent\/tweet?text=Futuristic+Seminar+party+in+Monaco&amp;url=https%3A%2F%2Fevenement.eklabul.com%2Fen%2Fportfolios%2Ffuturistic-seminar-party-in-monaco%2F\">&#xe603;<\/a> <a target=\"_blank\" href=\"https:\/\/plus.google.com\/share?url=https%3A%2F%2Fevenement.eklabul.com%2Fen%2Fportfolios%2Ffuturistic-seminar-party-in-monaco%2F\">&#xe602;<\/a> <a target=\"_blank\" href=\"https:\/\/pinterest.com\/pin\/create\/button\/?url=https%3A%2F%2Fevenement.eklabul.com%2Fen%2Fportfolios%2Ffuturistic-seminar-party-in-monaco%2F&media=https%3A%2F%2Fevenement.eklabul.com%2Fwp-content%2Fuploads%2F2013%2F10%2Fsoiree-entreprise-monaco-05-2014-31.jpg&description=Futuristic+Seminar+party+in+Monaco\">&#xe605;<\/a> <a target=\"_blank\" href=\"https:\/\/www.linkedin.com\/shareArticle?mini=true&url=https%3A%2F%2Fevenement.eklabul.com%2Fen%2Fportfolios%2Ffuturistic-seminar-party-in-monaco%2F&amp;title=Futuristic+Seminar+party+in+Monaco&amp;summary=%5Bvc_row+css%3D%26%238221%3B.vc_custom_1454401056024%7Bpadding-top%3A+0px+%21important%3B%7D%26%238221%3B%5D%5Bvc_column+width%3D%26%238221%3B1%2F1%26%238243%3B%5D%5Bvc_raw_html%5DJTNDaWZyYW1lJTIwd2lkdGglM0QlMjIxMDAlMjUlMjIlMjBoZWlnaHQlM0QlMjI0MTUlMjIlMjBzcmMlM0QlMjJodHRwcyUzQSUyRiUyRnd3dy55b3V0dWJlLmNvbSUyRmVtYmVkJTJGaGM5S2x4b3lhZ28lMjIlMjBmcmFtZWJvcmRlciUzRCUyMjAlMjIlMjBhbGxvdyUzRCUyMmF1dG9wbGF5JTNCJTIwZW5jcnlwdGVkLW1lZGlhJTIyJTIwYWxsb3dmdWxsc2NyZWVuJTNFJTNDJTJGaWZyYW1lJTNF%5B%2Fvc_raw_html%5D%5B%2Fvc_column%5D%5B%2Fvc_row%5D%5Bvc_row+full_width%3D%26%238221%3B%26%238221%3B+parallax%3D%26%238221%3B%26%238221%3B+parallax_image%3D%26%238221%3B%26%238221%3B%5D%5Bvc_column+width%3D%26%238221%3B1%2F1%26%238243%3B%5D%5B%2Fvc_column%5D%5B%2Fvc_row%5D%5Bvc_row+full_width%3D%26%238221%3B%26%238221%3B+parallax%3D%26%238221%3B%26%238221%3B+parallax_image%3D%26%238221%3B%26%238221%3B%5D%5Bvc_column+width%3D%26%238221%3B1%2F1%26%238243%3B%5D%5Bvc_column_text%5D+OUR+EVENTS+Eklabul%26%238217%3Bs+most+beautiful+events.+%5B%2Fvc_column_text%5D%5B%2Fvc_column%5D%5B%2Fvc_row%5D%5Bvc_row...\">&#xe604;<\/a> <a target=\"_blank\" href=\"http:\/\/www.stumbleupon.com\/submit?url=https%3A%2F%2Fevenement.eklabul.com%2Fen%2Fportfolios%2Ffuturistic-seminar-party-in-monaco%2F&amp;title=Futuristic+Seminar+party+in+Monaco\">&#xe606;<\/a> <\/div> <div class=\"overlay\"> <a href=\"https:\/\/evenement.eklabul.com\/en\/portfolios\/futuristic-seminar-party-in-monaco\/\" target=\"_self\" class=\"portolio-item-link self-link \"><\/a> <div class=\"links-wrapper\"> <div class=\"links\"> <a href=\"https:\/\/evenement.eklabul.com\/en\/portfolios\/futuristic-seminar-party-in-monaco\/\" target=\"_self\" class=\"icon self-link \"><\/a> <div class=\"overlay-line\"><\/div> <\/div> <\/div> <\/div> <\/div> <div class=\"caption post-10747 scalia_pf_item type-scalia_pf_item status-publish has-post-thumbnail hentry\"> <div class=\"title\"> Futuristic Seminar party in Monaco <\/div> <\/div> <\/div> <\/div> <div class=\"portfolio-item corporate-events past-events col-lg-4 col-md-4 col-sm-6 col-xs-6 post-10749 scalia_pf_item type-scalia_pf_item status-publish has-post-thumbnail hentry\" > <div class=\"wrap clearfix\"> <div class=\"image post-10749 scalia_pf_item type-scalia_pf_item status-publish has-post-thumbnail hentry\"> <div class=\"image-inner\"> <img decoding=\"async\" src=\"https:\/\/evenement.eklabul.com\/wp-content\/uploads\/2014\/06\/lancement-jeep-monaco-05-2014-04-scalia-portfolio-masonry.jpg\" width=\"754\" height=\"378\" alt=\"Jeep Product launch\" title=\"\"> <\/div> <span class=\"button\"><span class=\"button-corner\"><span><\/span><b><\/b><\/span><\/span> <div class=\"share\"> <a target=\"_blank\" href=\"https:\/\/www.facebook.com\/sharer\/sharer.php?u=https%3A%2F%2Fevenement.eklabul.com%2Fen%2Fportfolios%2Fjeep-product-launch%2F\">&#xe601;<\/a> <a target=\"_blank\" href=\"https:\/\/twitter.com\/intent\/tweet?text=Jeep+Product+launch&amp;url=https%3A%2F%2Fevenement.eklabul.com%2Fen%2Fportfolios%2Fjeep-product-launch%2F\">&#xe603;<\/a> <a target=\"_blank\" href=\"https:\/\/plus.google.com\/share?url=https%3A%2F%2Fevenement.eklabul.com%2Fen%2Fportfolios%2Fjeep-product-launch%2F\">&#xe602;<\/a> <a target=\"_blank\" href=\"https:\/\/pinterest.com\/pin\/create\/button\/?url=https%3A%2F%2Fevenement.eklabul.com%2Fen%2Fportfolios%2Fjeep-product-launch%2F&media=https%3A%2F%2Fevenement.eklabul.com%2Fwp-content%2Fuploads%2F2014%2F06%2Flancement-jeep-monaco-05-2014-04.jpg&description=Jeep+Product+launch\">&#xe605;<\/a> <a target=\"_blank\" href=\"https:\/\/www.linkedin.com\/shareArticle?mini=true&url=https%3A%2F%2Fevenement.eklabul.com%2Fen%2Fportfolios%2Fjeep-product-launch%2F&amp;title=Jeep+Product+launch&amp;summary=%5Bvc_row+full_width%3D%26%238221%3B%26%238221%3B+parallax%3D%26%238221%3B%26%238221%3B+parallax_image%3D%26%238221%3B%26%238221%3B%5D%5Bvc_column+width%3D%26%238221%3B1%2F1%26%238243%3B%5D%5B%2Fvc_column%5D%5B%2Fvc_row%5D%5Bvc_row+full_width%3D%26%238221%3B%26%238221%3B+parallax%3D%26%238221%3B%26%238221%3B+parallax_image%3D%26%238221%3B%26%238221%3B%5D%5Bvc_column+width%3D%26%238221%3B1%2F1%26%238243%3B%5D%5Bvc_column_text%5D+OUR+EVENTS+Eklabul%26%238217%3Bs+most+beautiful+events.+%5B%2Fvc_column_text%5D%5B%2Fvc_column%5D%5B%2Fvc_row%5D%5Bvc_row+full_width%3D%26%238221%3B%26%238221%3B+parallax%3D%26%238221%3B%26%238221%3B+parallax_image%3D%26%238221%3B%26%238221%3B%5D%5Bvc_column+width%3D%26%238221%3B1%2F1%26%238243%3B%5D%5B%2Fvc_column%5D%5B%2Fvc_row%5D\">&#xe604;<\/a> <a target=\"_blank\" href=\"http:\/\/www.stumbleupon.com\/submit?url=https%3A%2F%2Fevenement.eklabul.com%2Fen%2Fportfolios%2Fjeep-product-launch%2F&amp;title=Jeep+Product+launch\">&#xe606;<\/a> <\/div> <div class=\"overlay\"> <a href=\"https:\/\/evenement.eklabul.com\/en\/portfolios\/jeep-product-launch\/\" target=\"_self\" class=\"portolio-item-link self-link \"><\/a> <div class=\"links-wrapper\"> <div class=\"links\"> <a href=\"https:\/\/evenement.eklabul.com\/en\/portfolios\/jeep-product-launch\/\" target=\"_self\" class=\"icon self-link \"><\/a> <div class=\"overlay-line\"><\/div> <\/div> <\/div> <\/div> <\/div> <div class=\"caption post-10749 scalia_pf_item type-scalia_pf_item status-publish has-post-thumbnail hentry\"> <div class=\"title\"> Jeep Product launch <\/div> <\/div> <\/div> <\/div> <div class=\"portfolio-item corporate-events past-events col-lg-4 col-md-4 col-sm-6 col-xs-6 post-10735 scalia_pf_item type-scalia_pf_item status-publish has-post-thumbnail hentry\" > <div class=\"wrap clearfix\"> <div class=\"image post-10735 scalia_pf_item type-scalia_pf_item status-publish has-post-thumbnail hentry\"> <div class=\"image-inner\"> <img decoding=\"async\" src=\"https:\/\/evenement.eklabul.com\/wp-content\/uploads\/2014\/06\/lancement-audi-11-2011-06-scalia-portfolio-masonry.jpg\" width=\"754\" height=\"565\" alt=\"Audi product launch\" title=\"\"> <\/div> <span class=\"button\"><span class=\"button-corner\"><span><\/span><b><\/b><\/span><\/span> <div class=\"share\"> <a target=\"_blank\" href=\"https:\/\/www.facebook.com\/sharer\/sharer.php?u=https%3A%2F%2Fevenement.eklabul.com%2Fen%2Fportfolios%2Faudi-product-launch%2F\">&#xe601;<\/a> <a target=\"_blank\" href=\"https:\/\/twitter.com\/intent\/tweet?text=Audi+product+launch&amp;url=https%3A%2F%2Fevenement.eklabul.com%2Fen%2Fportfolios%2Faudi-product-launch%2F\">&#xe603;<\/a> <a target=\"_blank\" href=\"https:\/\/plus.google.com\/share?url=https%3A%2F%2Fevenement.eklabul.com%2Fen%2Fportfolios%2Faudi-product-launch%2F\">&#xe602;<\/a> <a target=\"_blank\" href=\"https:\/\/pinterest.com\/pin\/create\/button\/?url=https%3A%2F%2Fevenement.eklabul.com%2Fen%2Fportfolios%2Faudi-product-launch%2F&media=https%3A%2F%2Fevenement.eklabul.com%2Fwp-content%2Fuploads%2F2014%2F06%2Flancement-audi-11-2011-06.jpg&description=Audi+product+launch\">&#xe605;<\/a> <a target=\"_blank\" href=\"https:\/\/www.linkedin.com\/shareArticle?mini=true&url=https%3A%2F%2Fevenement.eklabul.com%2Fen%2Fportfolios%2Faudi-product-launch%2F&amp;title=Audi+product+launch&amp;summary=%5Bvc_row+full_width%3D%26%238221%3B%26%238221%3B+parallax%3D%26%238221%3B%26%238221%3B+parallax_image%3D%26%238221%3B%26%238221%3B%5D%5Bvc_column+width%3D%26%238221%3B2%2F3%26%238243%3B%5D%5Bvc_column_text+css_animation%3D%26%238221%3Btop-to-bottom%26%238221%3B%5D+Artistic+performances+to+introduce+a+new+Audi+%5B%2Fvc_column_text%5D%5Bvc_column_text%5DOn+the+occasion+of+the+Audi+Q3...\">&#xe604;<\/a> <a target=\"_blank\" href=\"http:\/\/www.stumbleupon.com\/submit?url=https%3A%2F%2Fevenement.eklabul.com%2Fen%2Fportfolios%2Faudi-product-launch%2F&amp;title=Audi+product+launch\">&#xe606;<\/a> <\/div> <div class=\"overlay\"> <a href=\"https:\/\/evenement.eklabul.com\/en\/portfolios\/audi-product-launch\/\" target=\"_self\" class=\"portolio-item-link self-link \"><\/a> <div class=\"links-wrapper\"> <div class=\"links\"> <a href=\"https:\/\/evenement.eklabul.com\/en\/portfolios\/audi-product-launch\/\" target=\"_self\" class=\"icon self-link \"><\/a> <div class=\"overlay-line\"><\/div> <\/div> <\/div> <\/div> <\/div> <div class=\"caption post-10735 scalia_pf_item type-scalia_pf_item status-publish has-post-thumbnail hentry\"> <div class=\"title\"> Audi product launch <\/div> <\/div> <\/div> <\/div> <\/div> <\/div> <\/div> <\/div> <\/div>[\/vc_column][\/vc_row]<\/p>\n<\/div>","protected":false},"excerpt":{"rendered":"<p>[vc_row full_width=&#8221;&#8221; parallax=&#8221;&#8221; parallax_image=&#8221;&#8221;][vc_column width=&#8221;1\/1&#8243;][vc_column_text css_animation=&#8221;top-to-bottom&#8221;] Team Building, Seminar Event, Product Launch, Street Marketing&#8230; Here are photos and videos of&#8230;<\/p>\n","protected":false},"author":3,"featured_media":6827,"parent":8140,"menu_order":0,"comment_status":"closed","ping_status":"closed","template":"","meta":{"footnotes":""},"class_list":["post-8174","page","type-page","status-publish","has-post-thumbnail","hentry"],"_links":{"self":[{"href":"https:\/\/evenement.eklabul.com\/en\/wp-json\/wp\/v2\/pages\/8174","targetHints":{"allow":["GET"]}}],"collection":[{"href":"https:\/\/evenement.eklabul.com\/en\/wp-json\/wp\/v2\/pages"}],"about":[{"href":"https:\/\/evenement.eklabul.com\/en\/wp-json\/wp\/v2\/types\/page"}],"author":[{"embeddable":true,"href":"https:\/\/evenement.eklabul.com\/en\/wp-json\/wp\/v2\/users\/3"}],"replies":[{"embeddable":true,"href":"https:\/\/evenement.eklabul.com\/en\/wp-json\/wp\/v2\/comments?post=8174"}],"version-history":[{"count":0,"href":"https:\/\/evenement.eklabul.com\/en\/wp-json\/wp\/v2\/pages\/8174\/revisions"}],"up":[{"embeddable":true,"href":"https:\/\/evenement.eklabul.com\/en\/wp-json\/wp\/v2\/pages\/8140"}],"wp:featuredmedia":[{"embeddable":true,"href":"https:\/\/evenement.eklabul.com\/en\/wp-json\/wp\/v2\/media\/6827"}],"wp:attachment":[{"href":"https:\/\/evenement.eklabul.com\/en\/wp-json\/wp\/v2\/media?parent=8174"}],"curies":[{"name":"wp","href":"https:\/\/api.w.org\/{rel}","templated":true}]}}